{"id":121,"date":"2024-02-24T16:15:19","date_gmt":"2024-02-24T19:15:19","guid":{"rendered":"https:\/\/sermusicos.com\/?page_id=121"},"modified":"2024-03-07T16:12:57","modified_gmt":"2024-03-07T19:12:57","slug":"noticias","status":"publish","type":"page","link":"https:\/\/sermusicos.com\/index.php\/noticias\/","title":{"rendered":"Noticias sobre m\u00fasica en: Ser M\u00fasicos"},"content":{"rendered":"\t\t<div data-elementor-type=\"wp-page\" data-elementor-id=\"121\" class=\"elementor elementor-121\">\n\t\t\t\t<div class=\"elementor-element elementor-element-8c6ebd8 e-flex e-con-boxed e-con e-parent\" data-id=\"8c6ebd8\" data-element_type=\"container\">\n\t\t\t\t\t<div class=\"e-con-inner\">\n\t\t\t\t<div class=\"elementor-element elementor-element-ecd2e8a section-title-align-left title-alignment-left meta-visibility-show section-title-style-style1 title_position_default title_hover_border_default title-default img_hover_animation_default meta_position_default tpg-is-author-icon-show author-image-visibility-icon tpg-category-position-default readmore-btn-default-style grid-hover-overlay-type-always tpg-el-box-border-enable tpg-border-bottom-disable elementor-widget elementor-widget-tpg-grid-layout\" data-id=\"ecd2e8a\" data-element_type=\"widget\" data-widget_type=\"tpg-grid-layout.default\">\n\t\t\t\t<div class=\"elementor-widget-container\">\n\t\t\t\t\t\t\t<div class=\"rt-container-fluid rt-tpg-container tpg-el-main-wrapper clearfix grid-layout3-main \"\n\t\t\t id=\"rt-tpg-container-317143877\"\n\t\t\t data-layout=\"grid-layout3\"\n\t\t\t data-grid-style=\"tpg-full-height\"\n\t\t\t data-sc-id=\"elementor\"\n\t\t\t data-el-settings=''\n\t\t\t data-el-query=''\n\t\t\t data-el-path=''\n\t\t>\n\t\t\t\t\t\t<div class='tpg-header-wrapper '>\n\t\t\t\t\n        <div class=\"tpg-widget-heading-wrapper rt-clear heading-style1 \">\n            <span class=\"tpg-widget-heading-line line-left\"><\/span>\n\t\t\t<h2 class='tpg-widget-heading'>\n\t\t\t\n\t\t\t\t                    <span>\n\t\t\t\t\t\tNoticias\t\t\t\t\t<\/span>\n\t\t\t\t\t\n\t\t\t\t\t\t\t<\/h2>            <span class=\"tpg-widget-heading-line line-right\"><\/span>\n\n\t\t\t\n        <\/div>\n\n\t\t\n\t\t\t\t\t<\/div>\n\n\t\t\t<div data-title=\"Loading ...\" class=\"rt-row rt-content-loader grid-layout3 grid-behaviour tpg-full-height grid_layout_wrapper\">\n\t\t\t\t\n<div class=\"rt-col-md-4 rt-col-sm-6 rt-col-xs-12 default rt-grid-item\" data-id=\"2960\">\n\t<div class=\"rt-holder tpg-post-holder\">\n\t\t<div class=\"rt-detail rt-el-content-wrapper\">\n\t\t\t\t\t\t\t<div class=\"rt-img-holder tpg-el-image-wrap has-thumbnail\">\n\t\t\t\t\t<a data-id=\"2960\" href=\"https:\/\/sermusicos.com\/index.php\/2025\/05\/16\/zeke-wilki-el-arte-como-acto-de-rebelion-real\/\" class=\"tpg-post-link\" target=\"_self\">                        <img fetchpriority=\"high\" decoding=\"async\" src=\"https:\/\/sermusicos.com\/wp-content\/uploads\/2025\/05\/DSC09303-scaled-e1747412131679.jpeg\"\n                             class=\"rt-img-responsive\"\n                             width=\"1707\"\n                             height=\"1140\"\n                             alt=\"Zeke Wilki en Gier Music\">\n\t\t\t\t\t\t\n\t\t\t\t\t\t\t\n\t\t<\/a>\n\t\t        <div class=\"overlay grid-hover-content\"><\/div>\n\t\t\t\t\t\t<\/div>\n\t\t\t\n\n\t\t\t<div class=\"entry-title-wrapper\"><h3 class=\"entry-title\"><a data-id=\"2960\" href=\"https:\/\/sermusicos.com\/index.php\/2025\/05\/16\/zeke-wilki-el-arte-como-acto-de-rebelion-real\/\" class=\"tpg-post-link\" target=\"_self\">Zeke Wilki: el arte como acto de rebeli\u00f3n real<\/a><\/h3><\/div>\n\t\t\t\t\t\t\t<div class=\"post-meta-tags rt-el-post-meta\">\n\t\t\t\t\t            <span class='author '>\n\n\t\t\t\t<i class='fa fa-user '><\/i><a href=\"https:\/\/sermusicos.com\/index.php\/author\/sermusicos-com\/\">Rodrigo Granzella<\/a>\t\t\t<\/span>\n\t\t\t<span class='separator'>-<\/span>            <span class='date'>\n\t\t\t\t<i class='far fa-calendar-alt '><\/i>\t\t\t\t                    <a href=\"https:\/\/sermusicos.com\/index.php\/2025\/05\/16\/\">\n\t\t\t\t\t16 mayo, 2025\t\t\t\t<\/a>\n\t\t\t\t\t\t\t<\/span>\n\t\t\t<span class='separator'>-<\/span>            <span class='categories-links'>\n\t\t\t\t<i class='fas fa-folder-open '><\/i><a class=\"artistas-emergentes\" href=\"https:\/\/sermusicos.com\/index.php\/category\/artistas-emergentes\/\">Artistas Emergentes<\/a>\n\t\t\t<\/span>\n\t\t\t<span class='separator'>-<\/span>\t\t\t\t<\/div>\n\t\t\t\n\t\t\t\t\t\t\t<div class=\"tpg-excerpt tpg-el-excerpt\">\n\t\t\t\t\t\t\t\t\t\t\t<div class=\"tpg-excerpt-inner\">\n\t\t\t\t\t\t\tZeke confiesa: \u201cMe fui de viaje sin saber tocar la guitarra. Volv\u00ed con un fuego adentro que no se apaga...\t\t\t\t\t\t<\/div>\n\t\t\t\t\t\t\t\t\t\t\t\t\t\t<\/div>\n\t\t\t\n\t\t\t        <div class=\"post-footer\">\n            <div class=\"post-footer\">\n                <div class=\"read-more\">\n\t\t\t\t\t<a data-id=\"2960\" href=\"https:\/\/sermusicos.com\/index.php\/2025\/05\/16\/zeke-wilki-el-arte-como-acto-de-rebelion-real\/\" class=\"tpg-post-link\" target=\"_self\">Leer<\/a>                <\/div>\n            <\/div>\n        <\/div>\n\t\t\t\t<\/div>\n\t<\/div>\n<\/div>\n\n<div class=\"rt-col-md-4 rt-col-sm-6 rt-col-xs-12 default rt-grid-item\" data-id=\"2802\">\n\t<div class=\"rt-holder tpg-post-holder\">\n\t\t<div class=\"rt-detail rt-el-content-wrapper\">\n\t\t\t\t\t\t\t<div class=\"rt-img-holder tpg-el-image-wrap has-thumbnail\">\n\t\t\t\t\t<a data-id=\"2802\" href=\"https:\/\/sermusicos.com\/index.php\/2025\/05\/01\/pazzmusica\/\" class=\"tpg-post-link\" target=\"_self\">                        <img decoding=\"async\" src=\"https:\/\/sermusicos.com\/wp-content\/uploads\/2025\/05\/Pazz-en-vivo.jpg.png\"\n                             class=\"rt-img-responsive\"\n                             width=\"0\"\n                             height=\"0\"\n                             alt=\"Pazz en vivo en Makena Buenos Aires\">\n\t\t\t\t\t\t\n\t\t\t\t\t\t\t\n\t\t<\/a>\n\t\t        <div class=\"overlay grid-hover-content\"><\/div>\n\t\t\t\t\t\t<\/div>\n\t\t\t\n\n\t\t\t<div class=\"entry-title-wrapper\"><h3 class=\"entry-title\"><a data-id=\"2802\" href=\"https:\/\/sermusicos.com\/index.php\/2025\/05\/01\/pazzmusica\/\" class=\"tpg-post-link\" target=\"_self\">Viaje musical de Pazz: Migrar, tocar y sanar<\/a><\/h3><\/div>\n\t\t\t\t\t\t\t<div class=\"post-meta-tags rt-el-post-meta\">\n\t\t\t\t\t            <span class='author '>\n\n\t\t\t\t<i class='fa fa-user '><\/i><a href=\"https:\/\/sermusicos.com\/index.php\/author\/sermusicos-com\/\">Rodrigo Granzella<\/a>\t\t\t<\/span>\n\t\t\t<span class='separator'>-<\/span>            <span class='date'>\n\t\t\t\t<i class='far fa-calendar-alt '><\/i>\t\t\t\t                    <a href=\"https:\/\/sermusicos.com\/index.php\/2025\/05\/01\/\">\n\t\t\t\t\t1 mayo, 2025\t\t\t\t<\/a>\n\t\t\t\t\t\t\t<\/span>\n\t\t\t<span class='separator'>-<\/span>            <span class='categories-links'>\n\t\t\t\t<i class='fas fa-folder-open '><\/i><a class=\"artistas-emergentes\" href=\"https:\/\/sermusicos.com\/index.php\/category\/artistas-emergentes\/\">Artistas Emergentes<\/a>\n\t\t\t<\/span>\n\t\t\t<span class='separator'>-<\/span>\t\t\t\t<\/div>\n\t\t\t\n\t\t\t\t\t\t\t<div class=\"tpg-excerpt tpg-el-excerpt\">\n\t\t\t\t\t\t\t\t\t\t\t<div class=\"tpg-excerpt-inner\">\n\t\t\t\t\t\t\tPazz nos cuenta: &#8220;Compongo por esa necesidad de expresar y gestionar lo que sucede con esta condici\u00f3n humana; me lleva...\t\t\t\t\t\t<\/div>\n\t\t\t\t\t\t\t\t\t\t\t\t\t\t<\/div>\n\t\t\t\n\t\t\t        <div class=\"post-footer\">\n            <div class=\"post-footer\">\n                <div class=\"read-more\">\n\t\t\t\t\t<a data-id=\"2802\" href=\"https:\/\/sermusicos.com\/index.php\/2025\/05\/01\/pazzmusica\/\" class=\"tpg-post-link\" target=\"_self\">Leer<\/a>                <\/div>\n            <\/div>\n        <\/div>\n\t\t\t\t<\/div>\n\t<\/div>\n<\/div>\n\n<div class=\"rt-col-md-4 rt-col-sm-6 rt-col-xs-12 default rt-grid-item\" data-id=\"2777\">\n\t<div class=\"rt-holder tpg-post-holder\">\n\t\t<div class=\"rt-detail rt-el-content-wrapper\">\n\t\t\t\t\t\t\t<div class=\"rt-img-holder tpg-el-image-wrap has-thumbnail\">\n\t\t\t\t\t<a data-id=\"2777\" href=\"https:\/\/sermusicos.com\/index.php\/2024\/07\/16\/matchfy-catapulta-tu-carrera-en-playlists-top\/\" class=\"tpg-post-link\" target=\"_self\">                        <img decoding=\"async\" src=\"https:\/\/sermusicos.com\/wp-content\/uploads\/2024\/07\/WhatsApp-Image-2024-07-16-at-19.35.55.jpeg\"\n                             class=\"rt-img-responsive\"\n                             width=\"1547\"\n                             height=\"749\"\n                             alt=\"matchfy\">\n\t\t\t\t\t\t\n\t\t\t\t\t\t\t\n\t\t<\/a>\n\t\t        <div class=\"overlay grid-hover-content\"><\/div>\n\t\t\t\t\t\t<\/div>\n\t\t\t\n\n\t\t\t<div class=\"entry-title-wrapper\"><h3 class=\"entry-title\"><a data-id=\"2777\" href=\"https:\/\/sermusicos.com\/index.php\/2024\/07\/16\/matchfy-catapulta-tu-carrera-en-playlists-top\/\" class=\"tpg-post-link\" target=\"_self\">Matchfy: Catapulta tu carrera en playlists top<\/a><\/h3><\/div>\n\t\t\t\t\t\t\t<div class=\"post-meta-tags rt-el-post-meta\">\n\t\t\t\t\t            <span class='author '>\n\n\t\t\t\t<i class='fa fa-user '><\/i><a href=\"https:\/\/sermusicos.com\/index.php\/author\/sermusicos-com\/\">Rodrigo Granzella<\/a>\t\t\t<\/span>\n\t\t\t<span class='separator'>-<\/span>            <span class='date'>\n\t\t\t\t<i class='far fa-calendar-alt '><\/i>\t\t\t\t                    <a href=\"https:\/\/sermusicos.com\/index.php\/2024\/07\/16\/\">\n\t\t\t\t\t16 julio, 2024\t\t\t\t<\/a>\n\t\t\t\t\t\t\t<\/span>\n\t\t\t<span class='separator'>-<\/span>            <span class='categories-links'>\n\t\t\t\t<i class='fas fa-folder-open '><\/i><a class=\"disdigital\" href=\"https:\/\/sermusicos.com\/index.php\/category\/negocio\/disdigital\/\">Distribuci\u00f3n M\u00fasica<\/a><span class=\"rt-separator\">,<\/span><a class=\"marketing\" href=\"https:\/\/sermusicos.com\/index.php\/category\/negocio\/marketing\/\">Marketing Artistas<\/a>\n\t\t\t<\/span>\n\t\t\t<span class='separator'>-<\/span>\t\t\t\t<\/div>\n\t\t\t\n\t\t\t\t\t\t\t<div class=\"tpg-excerpt tpg-el-excerpt\">\n\t\t\t\t\t\t\t\t\t\t\t<div class=\"tpg-excerpt-inner\">\n\t\t\t\t\t\t\tMatchfy: Tu m\u00fasica en las mejores playlists. Promociona tu m\u00fasica, aumenta tus reproducciones, conecta con curadores de playlists y analiza resultados...\t\t\t\t\t\t<\/div>\n\t\t\t\t\t\t\t\t\t\t\t\t\t\t<\/div>\n\t\t\t\n\t\t\t        <div class=\"post-footer\">\n            <div class=\"post-footer\">\n                <div class=\"read-more\">\n\t\t\t\t\t<a data-id=\"2777\" href=\"https:\/\/sermusicos.com\/index.php\/2024\/07\/16\/matchfy-catapulta-tu-carrera-en-playlists-top\/\" class=\"tpg-post-link\" target=\"_self\">Leer<\/a>                <\/div>\n            <\/div>\n        <\/div>\n\t\t\t\t<\/div>\n\t<\/div>\n<\/div>\n\n<div class=\"rt-col-md-4 rt-col-sm-6 rt-col-xs-12 default rt-grid-item\" data-id=\"2722\">\n\t<div class=\"rt-holder tpg-post-holder\">\n\t\t<div class=\"rt-detail rt-el-content-wrapper\">\n\t\t\t\t\t\t\t<div class=\"rt-img-holder tpg-el-image-wrap has-thumbnail\">\n\t\t\t\t\t<a data-id=\"2722\" href=\"https:\/\/sermusicos.com\/index.php\/2024\/06\/27\/jazz-la-improvisacion-al-torbellino-emocional\/\" class=\"tpg-post-link\" target=\"_self\">                        <img loading=\"lazy\" decoding=\"async\" src=\"https:\/\/sermusicos.com\/wp-content\/uploads\/2024\/06\/Reggae-y-Jazz.png\"\n                             class=\"rt-img-responsive\"\n                             width=\"1200\"\n                             height=\"800\"\n                             alt=\"Jazz\">\n\t\t\t\t\t\t\n\t\t\t\t\t\t\t\n\t\t<\/a>\n\t\t        <div class=\"overlay grid-hover-content\"><\/div>\n\t\t\t\t\t\t<\/div>\n\t\t\t\n\n\t\t\t<div class=\"entry-title-wrapper\"><h3 class=\"entry-title\"><a data-id=\"2722\" href=\"https:\/\/sermusicos.com\/index.php\/2024\/06\/27\/jazz-la-improvisacion-al-torbellino-emocional\/\" class=\"tpg-post-link\" target=\"_self\">Jazz: La improvisaci\u00f3n al torbellino emocional<\/a><\/h3><\/div>\n\t\t\t\t\t\t\t<div class=\"post-meta-tags rt-el-post-meta\">\n\t\t\t\t\t            <span class='author '>\n\n\t\t\t\t<i class='fa fa-user '><\/i><a href=\"https:\/\/sermusicos.com\/index.php\/author\/sermusicos-com\/\">Rodrigo Granzella<\/a>\t\t\t<\/span>\n\t\t\t<span class='separator'>-<\/span>            <span class='date'>\n\t\t\t\t<i class='far fa-calendar-alt '><\/i>\t\t\t\t                    <a href=\"https:\/\/sermusicos.com\/index.php\/2024\/06\/27\/\">\n\t\t\t\t\t27 junio, 2024\t\t\t\t<\/a>\n\t\t\t\t\t\t\t<\/span>\n\t\t\t<span class='separator'>-<\/span>            <span class='categories-links'>\n\t\t\t\t<i class='fas fa-folder-open '><\/i><a class=\"jazz\" href=\"https:\/\/sermusicos.com\/index.php\/category\/generos\/jazz\/\">M\u00fasica Jazz<\/a>\n\t\t\t<\/span>\n\t\t\t<span class='separator'>-<\/span>\t\t\t\t<\/div>\n\t\t\t\n\t\t\t\t\t\t\t<div class=\"tpg-excerpt tpg-el-excerpt\">\n\t\t\t\t\t\t\t\t\t\t\t<div class=\"tpg-excerpt-inner\">\n\t\t\t\t\t\t\tJazz: Su historia y subg\u00e9neros, conoce a sus artistas legendarios. D\u00e9jate llevar por la improvisaci\u00f3n y la libertad creativa que caracterizan a este g\u00e9nero...\t\t\t\t\t\t<\/div>\n\t\t\t\t\t\t\t\t\t\t\t\t\t\t<\/div>\n\t\t\t\n\t\t\t        <div class=\"post-footer\">\n            <div class=\"post-footer\">\n                <div class=\"read-more\">\n\t\t\t\t\t<a data-id=\"2722\" href=\"https:\/\/sermusicos.com\/index.php\/2024\/06\/27\/jazz-la-improvisacion-al-torbellino-emocional\/\" class=\"tpg-post-link\" target=\"_self\">Leer<\/a>                <\/div>\n            <\/div>\n        <\/div>\n\t\t\t\t<\/div>\n\t<\/div>\n<\/div>\n\n<div class=\"rt-col-md-4 rt-col-sm-6 rt-col-xs-12 default rt-grid-item\" data-id=\"2690\">\n\t<div class=\"rt-holder tpg-post-holder\">\n\t\t<div class=\"rt-detail rt-el-content-wrapper\">\n\t\t\t\t\t\t\t<div class=\"rt-img-holder tpg-el-image-wrap has-thumbnail\">\n\t\t\t\t\t<a data-id=\"2690\" href=\"https:\/\/sermusicos.com\/index.php\/2024\/06\/27\/poder-del-reggae-raices-evolucion-e-impacto\/\" class=\"tpg-post-link\" target=\"_self\">                        <img loading=\"lazy\" decoding=\"async\" src=\"https:\/\/sermusicos.com\/wp-content\/uploads\/2024\/06\/Reggae.png\"\n                             class=\"rt-img-responsive\"\n                             width=\"1200\"\n                             height=\"800\"\n                             alt=\"Reggae\">\n\t\t\t\t\t\t\n\t\t\t\t\t\t\t\n\t\t<\/a>\n\t\t        <div class=\"overlay grid-hover-content\"><\/div>\n\t\t\t\t\t\t<\/div>\n\t\t\t\n\n\t\t\t<div class=\"entry-title-wrapper\"><h3 class=\"entry-title\"><a data-id=\"2690\" href=\"https:\/\/sermusicos.com\/index.php\/2024\/06\/27\/poder-del-reggae-raices-evolucion-e-impacto\/\" class=\"tpg-post-link\" target=\"_self\">Poder del Reggae: Ra\u00edces, evoluci\u00f3n e impacto<\/a><\/h3><\/div>\n\t\t\t\t\t\t\t<div class=\"post-meta-tags rt-el-post-meta\">\n\t\t\t\t\t            <span class='author '>\n\n\t\t\t\t<i class='fa fa-user '><\/i><a href=\"https:\/\/sermusicos.com\/index.php\/author\/sermusicos-com\/\">Rodrigo Granzella<\/a>\t\t\t<\/span>\n\t\t\t<span class='separator'>-<\/span>            <span class='date'>\n\t\t\t\t<i class='far fa-calendar-alt '><\/i>\t\t\t\t                    <a href=\"https:\/\/sermusicos.com\/index.php\/2024\/06\/27\/\">\n\t\t\t\t\t27 junio, 2024\t\t\t\t<\/a>\n\t\t\t\t\t\t\t<\/span>\n\t\t\t<span class='separator'>-<\/span>            <span class='categories-links'>\n\t\t\t\t<i class='fas fa-folder-open '><\/i><a class=\"reggae\" href=\"https:\/\/sermusicos.com\/index.php\/category\/generos\/reggae\/\">Reggae y Subg\u00e9neros<\/a>\n\t\t\t<\/span>\n\t\t\t<span class='separator'>-<\/span>\t\t\t\t<\/div>\n\t\t\t\n\t\t\t\t\t\t\t<div class=\"tpg-excerpt tpg-el-excerpt\">\n\t\t\t\t\t\t\t\t\t\t\t<div class=\"tpg-excerpt-inner\">\n\t\t\t\t\t\t\tDescubre el fascinante mundo del Reggae: su historia, subg\u00e9neros, artistas m\u00e1s destacados e impacto sociocultural. \u00a1Ad\u00e9ntrate en este ritmo contagioso!...\t\t\t\t\t\t<\/div>\n\t\t\t\t\t\t\t\t\t\t\t\t\t\t<\/div>\n\t\t\t\n\t\t\t        <div class=\"post-footer\">\n            <div class=\"post-footer\">\n                <div class=\"read-more\">\n\t\t\t\t\t<a data-id=\"2690\" href=\"https:\/\/sermusicos.com\/index.php\/2024\/06\/27\/poder-del-reggae-raices-evolucion-e-impacto\/\" class=\"tpg-post-link\" target=\"_self\">Leer<\/a>                <\/div>\n            <\/div>\n        <\/div>\n\t\t\t\t<\/div>\n\t<\/div>\n<\/div>\n\n<div class=\"rt-col-md-4 rt-col-sm-6 rt-col-xs-12 default rt-grid-item\" data-id=\"2535\">\n\t<div class=\"rt-holder tpg-post-holder\">\n\t\t<div class=\"rt-detail rt-el-content-wrapper\">\n\t\t\t\t\t\t\t<div class=\"rt-img-holder tpg-el-image-wrap has-thumbnail\">\n\t\t\t\t\t<a data-id=\"2535\" href=\"https:\/\/sermusicos.com\/index.php\/2024\/05\/16\/roger-beck-fenomeno-pop-conquistando-el-mundo\/\" class=\"tpg-post-link\" target=\"_self\">                        <img loading=\"lazy\" decoding=\"async\" src=\"https:\/\/sermusicos.com\/wp-content\/uploads\/2024\/05\/10-4.jpg\"\n                             class=\"rt-img-responsive\"\n                             width=\"6016\"\n                             height=\"4016\"\n                             alt=\"Roger Beck\">\n\t\t\t\t\t\t\n\t\t\t\t\t\t\t\n\t\t<\/a>\n\t\t        <div class=\"overlay grid-hover-content\"><\/div>\n\t\t\t\t\t\t<\/div>\n\t\t\t\n\n\t\t\t<div class=\"entry-title-wrapper\"><h3 class=\"entry-title\"><a data-id=\"2535\" href=\"https:\/\/sermusicos.com\/index.php\/2024\/05\/16\/roger-beck-fenomeno-pop-conquistando-el-mundo\/\" class=\"tpg-post-link\" target=\"_self\">Roger Beck: Fen\u00f3meno Pop Conquistando el Mundo<\/a><\/h3><\/div>\n\t\t\t\t\t\t\t<div class=\"post-meta-tags rt-el-post-meta\">\n\t\t\t\t\t            <span class='author '>\n\n\t\t\t\t<i class='fa fa-user '><\/i><a href=\"https:\/\/sermusicos.com\/index.php\/author\/sermusicos-com\/\">Rodrigo Granzella<\/a>\t\t\t<\/span>\n\t\t\t<span class='separator'>-<\/span>            <span class='date'>\n\t\t\t\t<i class='far fa-calendar-alt '><\/i>\t\t\t\t                    <a href=\"https:\/\/sermusicos.com\/index.php\/2024\/05\/16\/\">\n\t\t\t\t\t16 mayo, 2024\t\t\t\t<\/a>\n\t\t\t\t\t\t\t<\/span>\n\t\t\t<span class='separator'>-<\/span>            <span class='categories-links'>\n\t\t\t\t<i class='fas fa-folder-open '><\/i><a class=\"artistas-emergentes\" href=\"https:\/\/sermusicos.com\/index.php\/category\/artistas-emergentes\/\">Artistas Emergentes<\/a>\n\t\t\t<\/span>\n\t\t\t<span class='separator'>-<\/span>\t\t\t\t<\/div>\n\t\t\t\n\t\t\t\t\t\t\t<div class=\"tpg-excerpt tpg-el-excerpt\">\n\t\t\t\t\t\t\t\t\t\t\t<div class=\"tpg-excerpt-inner\">\n\t\t\t\t\t\t\tRoger Beck, el talentoso artista Pop revelaci\u00f3n que expandi\u00f3 su talento desde Argentina a todo el mundo. Descubre c\u00f3mo \u00e9ste joven artista lleg\u00f3 al Top 1...\t\t\t\t\t\t<\/div>\n\t\t\t\t\t\t\t\t\t\t\t\t\t\t<\/div>\n\t\t\t\n\t\t\t        <div class=\"post-footer\">\n            <div class=\"post-footer\">\n                <div class=\"read-more\">\n\t\t\t\t\t<a data-id=\"2535\" href=\"https:\/\/sermusicos.com\/index.php\/2024\/05\/16\/roger-beck-fenomeno-pop-conquistando-el-mundo\/\" class=\"tpg-post-link\" target=\"_self\">Leer<\/a>                <\/div>\n            <\/div>\n        <\/div>\n\t\t\t\t<\/div>\n\t<\/div>\n<\/div>\n\n<div class=\"rt-col-md-4 rt-col-sm-6 rt-col-xs-12 default rt-grid-item\" data-id=\"2514\">\n\t<div class=\"rt-holder tpg-post-holder\">\n\t\t<div class=\"rt-detail rt-el-content-wrapper\">\n\t\t\t\t\t\t\t<div class=\"rt-img-holder tpg-el-image-wrap has-thumbnail\">\n\t\t\t\t\t<a data-id=\"2514\" href=\"https:\/\/sermusicos.com\/index.php\/2024\/05\/10\/pop-del-2010-del-underground-al-mainstream\/\" class=\"tpg-post-link\" target=\"_self\">                        <img loading=\"lazy\" decoding=\"async\" src=\"https:\/\/sermusicos.com\/wp-content\/uploads\/2024\/05\/2010.png\"\n                             class=\"rt-img-responsive\"\n                             width=\"1200\"\n                             height=\"800\"\n                             alt=\"pop\">\n\t\t\t\t\t\t\n\t\t\t\t\t\t\t\n\t\t<\/a>\n\t\t        <div class=\"overlay grid-hover-content\"><\/div>\n\t\t\t\t\t\t<\/div>\n\t\t\t\n\n\t\t\t<div class=\"entry-title-wrapper\"><h3 class=\"entry-title\"><a data-id=\"2514\" href=\"https:\/\/sermusicos.com\/index.php\/2024\/05\/10\/pop-del-2010-del-underground-al-mainstream\/\" class=\"tpg-post-link\" target=\"_self\">Pop del 2010: Del underground al mainstream<\/a><\/h3><\/div>\n\t\t\t\t\t\t\t<div class=\"post-meta-tags rt-el-post-meta\">\n\t\t\t\t\t            <span class='author '>\n\n\t\t\t\t<i class='fa fa-user '><\/i><a href=\"https:\/\/sermusicos.com\/index.php\/author\/sermusicos-com\/\">Rodrigo Granzella<\/a>\t\t\t<\/span>\n\t\t\t<span class='separator'>-<\/span>            <span class='date'>\n\t\t\t\t<i class='far fa-calendar-alt '><\/i>\t\t\t\t                    <a href=\"https:\/\/sermusicos.com\/index.php\/2024\/05\/10\/\">\n\t\t\t\t\t10 mayo, 2024\t\t\t\t<\/a>\n\t\t\t\t\t\t\t<\/span>\n\t\t\t<span class='separator'>-<\/span>            <span class='categories-links'>\n\t\t\t\t<i class='fas fa-folder-open '><\/i><a class=\"pop\" href=\"https:\/\/sermusicos.com\/index.php\/category\/generos\/pop\/\">M\u00fasica Pop<\/a>\n\t\t\t<\/span>\n\t\t\t<span class='separator'>-<\/span>\t\t\t\t<\/div>\n\t\t\t\n\t\t\t\t\t\t\t<div class=\"tpg-excerpt tpg-el-excerpt\">\n\t\t\t\t\t\t\t\t\t\t\t<div class=\"tpg-excerpt-inner\">\n\t\t\t\t\t\t\tDescubre el Pop 2010: EDM, Trap, Pop alternativo, boybands y el auge de las redes sociales. \u00a1Revive a One Direction, Adele y Ariana Grande! #M\u00fasicaPop...\t\t\t\t\t\t<\/div>\n\t\t\t\t\t\t\t\t\t\t\t\t\t\t<\/div>\n\t\t\t\n\t\t\t        <div class=\"post-footer\">\n            <div class=\"post-footer\">\n                <div class=\"read-more\">\n\t\t\t\t\t<a data-id=\"2514\" href=\"https:\/\/sermusicos.com\/index.php\/2024\/05\/10\/pop-del-2010-del-underground-al-mainstream\/\" class=\"tpg-post-link\" target=\"_self\">Leer<\/a>                <\/div>\n            <\/div>\n        <\/div>\n\t\t\t\t<\/div>\n\t<\/div>\n<\/div>\n\n<div class=\"rt-col-md-4 rt-col-sm-6 rt-col-xs-12 default rt-grid-item\" data-id=\"2500\">\n\t<div class=\"rt-holder tpg-post-holder\">\n\t\t<div class=\"rt-detail rt-el-content-wrapper\">\n\t\t\t\t\t\t\t<div class=\"rt-img-holder tpg-el-image-wrap has-thumbnail\">\n\t\t\t\t\t<a data-id=\"2500\" href=\"https:\/\/sermusicos.com\/index.php\/2024\/05\/10\/pop-2000s-del-boom-del-pop-latino-al-reality\/\" class=\"tpg-post-link\" target=\"_self\">                        <img loading=\"lazy\" decoding=\"async\" src=\"https:\/\/sermusicos.com\/wp-content\/uploads\/2024\/05\/person.png\"\n                             class=\"rt-img-responsive\"\n                             width=\"1200\"\n                             height=\"800\"\n                             alt=\"pop\">\n\t\t\t\t\t\t\n\t\t\t\t\t\t\t\n\t\t<\/a>\n\t\t        <div class=\"overlay grid-hover-content\"><\/div>\n\t\t\t\t\t\t<\/div>\n\t\t\t\n\n\t\t\t<div class=\"entry-title-wrapper\"><h3 class=\"entry-title\"><a data-id=\"2500\" href=\"https:\/\/sermusicos.com\/index.php\/2024\/05\/10\/pop-2000s-del-boom-del-pop-latino-al-reality\/\" class=\"tpg-post-link\" target=\"_self\">Pop 2000s: Del boom del pop latino al reality<\/a><\/h3><\/div>\n\t\t\t\t\t\t\t<div class=\"post-meta-tags rt-el-post-meta\">\n\t\t\t\t\t            <span class='author '>\n\n\t\t\t\t<i class='fa fa-user '><\/i><a href=\"https:\/\/sermusicos.com\/index.php\/author\/sermusicos-com\/\">Rodrigo Granzella<\/a>\t\t\t<\/span>\n\t\t\t<span class='separator'>-<\/span>            <span class='date'>\n\t\t\t\t<i class='far fa-calendar-alt '><\/i>\t\t\t\t                    <a href=\"https:\/\/sermusicos.com\/index.php\/2024\/05\/10\/\">\n\t\t\t\t\t10 mayo, 2024\t\t\t\t<\/a>\n\t\t\t\t\t\t\t<\/span>\n\t\t\t<span class='separator'>-<\/span>            <span class='categories-links'>\n\t\t\t\t<i class='fas fa-folder-open '><\/i><a class=\"pop\" href=\"https:\/\/sermusicos.com\/index.php\/category\/generos\/pop\/\">M\u00fasica Pop<\/a>\n\t\t\t<\/span>\n\t\t\t<span class='separator'>-<\/span>\t\t\t\t<\/div>\n\t\t\t\n\t\t\t\t\t\t\t<div class=\"tpg-excerpt tpg-el-excerpt\">\n\t\t\t\t\t\t\t\t\t\t\t<div class=\"tpg-excerpt-inner\">\n\t\t\t\t\t\t\tDescubre el Pop 2000: pop latino, boybands, reality shows y la revoluci\u00f3n digital. \u00a1Revive a Shakira, Britney Spears y Christina Aguilera! #M\u00fasicaPop...\t\t\t\t\t\t<\/div>\n\t\t\t\t\t\t\t\t\t\t\t\t\t\t<\/div>\n\t\t\t\n\t\t\t        <div class=\"post-footer\">\n            <div class=\"post-footer\">\n                <div class=\"read-more\">\n\t\t\t\t\t<a data-id=\"2500\" href=\"https:\/\/sermusicos.com\/index.php\/2024\/05\/10\/pop-2000s-del-boom-del-pop-latino-al-reality\/\" class=\"tpg-post-link\" target=\"_self\">Leer<\/a>                <\/div>\n            <\/div>\n        <\/div>\n\t\t\t\t<\/div>\n\t<\/div>\n<\/div>\n\n<div class=\"rt-col-md-4 rt-col-sm-6 rt-col-xs-12 default rt-grid-item\" data-id=\"2479\">\n\t<div class=\"rt-holder tpg-post-holder\">\n\t\t<div class=\"rt-detail rt-el-content-wrapper\">\n\t\t\t\t\t\t\t<div class=\"rt-img-holder tpg-el-image-wrap has-thumbnail\">\n\t\t\t\t\t<a data-id=\"2479\" href=\"https:\/\/sermusicos.com\/index.php\/2024\/04\/28\/pop-90s-cds-grunge-britpop-latinpop-y-mas\/\" class=\"tpg-post-link\" target=\"_self\">                        <img loading=\"lazy\" decoding=\"async\" src=\"https:\/\/sermusicos.com\/wp-content\/uploads\/2024\/04\/Pop-90s.png\"\n                             class=\"rt-img-responsive\"\n                             width=\"1200\"\n                             height=\"800\"\n                             alt=\"pop\">\n\t\t\t\t\t\t\n\t\t\t\t\t\t\t\n\t\t<\/a>\n\t\t        <div class=\"overlay grid-hover-content\"><\/div>\n\t\t\t\t\t\t<\/div>\n\t\t\t\n\n\t\t\t<div class=\"entry-title-wrapper\"><h3 class=\"entry-title\"><a data-id=\"2479\" href=\"https:\/\/sermusicos.com\/index.php\/2024\/04\/28\/pop-90s-cds-grunge-britpop-latinpop-y-mas\/\" class=\"tpg-post-link\" target=\"_self\">Pop  90s: Grunge, Britpop, Latinpop y Boybands<\/a><\/h3><\/div>\n\t\t\t\t\t\t\t<div class=\"post-meta-tags rt-el-post-meta\">\n\t\t\t\t\t            <span class='author '>\n\n\t\t\t\t<i class='fa fa-user '><\/i><a href=\"https:\/\/sermusicos.com\/index.php\/author\/sermusicos-com\/\">Rodrigo Granzella<\/a>\t\t\t<\/span>\n\t\t\t<span class='separator'>-<\/span>            <span class='date'>\n\t\t\t\t<i class='far fa-calendar-alt '><\/i>\t\t\t\t                    <a href=\"https:\/\/sermusicos.com\/index.php\/2024\/04\/28\/\">\n\t\t\t\t\t28 abril, 2024\t\t\t\t<\/a>\n\t\t\t\t\t\t\t<\/span>\n\t\t\t<span class='separator'>-<\/span>            <span class='categories-links'>\n\t\t\t\t<i class='fas fa-folder-open '><\/i><a class=\"pop\" href=\"https:\/\/sermusicos.com\/index.php\/category\/generos\/pop\/\">M\u00fasica Pop<\/a>\n\t\t\t<\/span>\n\t\t\t<span class='separator'>-<\/span>\t\t\t\t<\/div>\n\t\t\t\n\t\t\t\t\t\t\t<div class=\"tpg-excerpt tpg-el-excerpt\">\n\t\t\t\t\t\t\t\t\t\t\t<div class=\"tpg-excerpt-inner\">\n\t\t\t\t\t\t\tDescubre la revoluci\u00f3n del Pop de los 90s: grunge, britpop, boybands, girlgroups y el auge del pop latino. \u00a1Revive a Nirvana, Backstreet Boys y Shakira!...\t\t\t\t\t\t<\/div>\n\t\t\t\t\t\t\t\t\t\t\t\t\t\t<\/div>\n\t\t\t\n\t\t\t        <div class=\"post-footer\">\n            <div class=\"post-footer\">\n                <div class=\"read-more\">\n\t\t\t\t\t<a data-id=\"2479\" href=\"https:\/\/sermusicos.com\/index.php\/2024\/04\/28\/pop-90s-cds-grunge-britpop-latinpop-y-mas\/\" class=\"tpg-post-link\" target=\"_self\">Leer<\/a>                <\/div>\n            <\/div>\n        <\/div>\n\t\t\t\t<\/div>\n\t<\/div>\n<\/div>\n\n<div class=\"rt-col-md-4 rt-col-sm-6 rt-col-xs-12 default rt-grid-item\" data-id=\"2459\">\n\t<div class=\"rt-holder tpg-post-holder\">\n\t\t<div class=\"rt-detail rt-el-content-wrapper\">\n\t\t\t\t\t\t\t<div class=\"rt-img-holder tpg-el-image-wrap has-thumbnail\">\n\t\t\t\t\t<a data-id=\"2459\" href=\"https:\/\/sermusicos.com\/index.php\/2024\/04\/26\/pop-de-los-80s-sintetizadores-y-coreografias\/\" class=\"tpg-post-link\" target=\"_self\">                        <img loading=\"lazy\" decoding=\"async\" src=\"https:\/\/sermusicos.com\/wp-content\/uploads\/2024\/04\/Portada-Pop-80s.png\"\n                             class=\"rt-img-responsive\"\n                             width=\"1200\"\n                             height=\"800\"\n                             alt=\"pop\">\n\t\t\t\t\t\t\n\t\t\t\t\t\t\t\n\t\t<\/a>\n\t\t        <div class=\"overlay grid-hover-content\"><\/div>\n\t\t\t\t\t\t<\/div>\n\t\t\t\n\n\t\t\t<div class=\"entry-title-wrapper\"><h3 class=\"entry-title\"><a data-id=\"2459\" href=\"https:\/\/sermusicos.com\/index.php\/2024\/04\/26\/pop-de-los-80s-sintetizadores-y-coreografias\/\" class=\"tpg-post-link\" target=\"_self\">Pop de los 80s: Sintetizadores y coreograf\u00edas<\/a><\/h3><\/div>\n\t\t\t\t\t\t\t<div class=\"post-meta-tags rt-el-post-meta\">\n\t\t\t\t\t            <span class='author '>\n\n\t\t\t\t<i class='fa fa-user '><\/i><a href=\"https:\/\/sermusicos.com\/index.php\/author\/sermusicos-com\/\">Rodrigo Granzella<\/a>\t\t\t<\/span>\n\t\t\t<span class='separator'>-<\/span>            <span class='date'>\n\t\t\t\t<i class='far fa-calendar-alt '><\/i>\t\t\t\t                    <a href=\"https:\/\/sermusicos.com\/index.php\/2024\/04\/26\/\">\n\t\t\t\t\t26 abril, 2024\t\t\t\t<\/a>\n\t\t\t\t\t\t\t<\/span>\n\t\t\t<span class='separator'>-<\/span>            <span class='categories-links'>\n\t\t\t\t<i class='fas fa-folder-open '><\/i><a class=\"pop\" href=\"https:\/\/sermusicos.com\/index.php\/category\/generos\/pop\/\">M\u00fasica Pop<\/a>\n\t\t\t<\/span>\n\t\t\t<span class='separator'>-<\/span>\t\t\t\t<\/div>\n\t\t\t\n\t\t\t\t\t\t\t<div class=\"tpg-excerpt tpg-el-excerpt\">\n\t\t\t\t\t\t\t\t\t\t\t<div class=\"tpg-excerpt-inner\">\n\t\t\t\t\t\t\tDescubre la explosi\u00f3n de color, sintetizadores y melod\u00edas pegadizas que definieron el Pop de los 80s. Revive la era Madonna, Michael Jackson y Whitney Houston...\t\t\t\t\t\t<\/div>\n\t\t\t\t\t\t\t\t\t\t\t\t\t\t<\/div>\n\t\t\t\n\t\t\t        <div class=\"post-footer\">\n            <div class=\"post-footer\">\n                <div class=\"read-more\">\n\t\t\t\t\t<a data-id=\"2459\" href=\"https:\/\/sermusicos.com\/index.php\/2024\/04\/26\/pop-de-los-80s-sintetizadores-y-coreografias\/\" class=\"tpg-post-link\" target=\"_self\">Leer<\/a>                <\/div>\n            <\/div>\n        <\/div>\n\t\t\t\t<\/div>\n\t<\/div>\n<\/div>\n\n<div class=\"rt-col-md-4 rt-col-sm-6 rt-col-xs-12 default rt-grid-item\" data-id=\"2444\">\n\t<div class=\"rt-holder tpg-post-holder\">\n\t\t<div class=\"rt-detail rt-el-content-wrapper\">\n\t\t\t\t\t\t\t<div class=\"rt-img-holder tpg-el-image-wrap has-thumbnail\">\n\t\t\t\t\t<a data-id=\"2444\" href=\"https:\/\/sermusicos.com\/index.php\/2024\/04\/25\/exito-sin-ataduras-contrato-discografico\/\" class=\"tpg-post-link\" target=\"_self\">                        <img loading=\"lazy\" decoding=\"async\" src=\"https:\/\/sermusicos.com\/wp-content\/uploads\/2024\/04\/pexels-pixabay-48148.jpg\"\n                             class=\"rt-img-responsive\"\n                             width=\"3008\"\n                             height=\"2000\"\n                             alt=\"contrato discogr\u00e1fico\">\n\t\t\t\t\t\t\n\t\t\t\t\t\t\t\n\t\t<\/a>\n\t\t        <div class=\"overlay grid-hover-content\"><\/div>\n\t\t\t\t\t\t<\/div>\n\t\t\t\n\n\t\t\t<div class=\"entry-title-wrapper\"><h3 class=\"entry-title\"><a data-id=\"2444\" href=\"https:\/\/sermusicos.com\/index.php\/2024\/04\/25\/exito-sin-ataduras-contrato-discografico\/\" class=\"tpg-post-link\" target=\"_self\">\u00a1\u00c9xito sin ataduras! Contrato discogr\u00e1fico<\/a><\/h3><\/div>\n\t\t\t\t\t\t\t<div class=\"post-meta-tags rt-el-post-meta\">\n\t\t\t\t\t            <span class='author '>\n\n\t\t\t\t<i class='fa fa-user '><\/i><a href=\"https:\/\/sermusicos.com\/index.php\/author\/sermusicos-com\/\">Rodrigo Granzella<\/a>\t\t\t<\/span>\n\t\t\t<span class='separator'>-<\/span>            <span class='date'>\n\t\t\t\t<i class='far fa-calendar-alt '><\/i>\t\t\t\t                    <a href=\"https:\/\/sermusicos.com\/index.php\/2024\/04\/25\/\">\n\t\t\t\t\t25 abril, 2024\t\t\t\t<\/a>\n\t\t\t\t\t\t\t<\/span>\n\t\t\t<span class='separator'>-<\/span>            <span class='categories-links'>\n\t\t\t\t<i class='fas fa-folder-open '><\/i><a class=\"ingresos_artistas\" href=\"https:\/\/sermusicos.com\/index.php\/category\/negocio\/ingresos_artistas\/\">Ingresos Artistas<\/a><span class=\"rt-separator\">,<\/span><a class=\"negocio\" href=\"https:\/\/sermusicos.com\/index.php\/category\/negocio\/\">Negocios Musicales<\/a>\n\t\t\t<\/span>\n\t\t\t<span class='separator'>-<\/span>\t\t\t\t<\/div>\n\t\t\t\n\t\t\t\t\t\t\t<div class=\"tpg-excerpt tpg-el-excerpt\">\n\t\t\t\t\t\t\t\t\t\t\t<div class=\"tpg-excerpt-inner\">\n\t\t\t\t\t\t\tContrato discogr\u00e1fico: Gu\u00eda para artistas emergentes sobre negociaciones, cl\u00e1usulas clave, ejemplos y modelo de contrato. \u00a1Toma el control de tu carrera!...\t\t\t\t\t\t<\/div>\n\t\t\t\t\t\t\t\t\t\t\t\t\t\t<\/div>\n\t\t\t\n\t\t\t        <div class=\"post-footer\">\n            <div class=\"post-footer\">\n                <div class=\"read-more\">\n\t\t\t\t\t<a data-id=\"2444\" href=\"https:\/\/sermusicos.com\/index.php\/2024\/04\/25\/exito-sin-ataduras-contrato-discografico\/\" class=\"tpg-post-link\" target=\"_self\">Leer<\/a>                <\/div>\n            <\/div>\n        <\/div>\n\t\t\t\t<\/div>\n\t<\/div>\n<\/div>\n\n<div class=\"rt-col-md-4 rt-col-sm-6 rt-col-xs-12 default rt-grid-item\" data-id=\"2427\">\n\t<div class=\"rt-holder tpg-post-holder\">\n\t\t<div class=\"rt-detail rt-el-content-wrapper\">\n\t\t\t\t\t\t\t<div class=\"rt-img-holder tpg-el-image-wrap has-thumbnail\">\n\t\t\t\t\t<a data-id=\"2427\" href=\"https:\/\/sermusicos.com\/index.php\/2024\/04\/23\/descubre-cubase-13-el-futuro-de-la-produccion\/\" class=\"tpg-post-link\" target=\"_self\">                        <img loading=\"lazy\" decoding=\"async\" src=\"https:\/\/sermusicos.com\/wp-content\/uploads\/2024\/04\/Cubase-13.png\"\n                             class=\"rt-img-responsive\"\n                             width=\"3500\"\n                             height=\"1907\"\n                             alt=\"Cubase\">\n\t\t\t\t\t\t\n\t\t\t\t\t\t\t\n\t\t<\/a>\n\t\t        <div class=\"overlay grid-hover-content\"><\/div>\n\t\t\t\t\t\t<\/div>\n\t\t\t\n\n\t\t\t<div class=\"entry-title-wrapper\"><h3 class=\"entry-title\"><a data-id=\"2427\" href=\"https:\/\/sermusicos.com\/index.php\/2024\/04\/23\/descubre-cubase-13-el-futuro-de-la-produccion\/\" class=\"tpg-post-link\" target=\"_self\">Descubre Cubase 13: El futuro de la producci\u00f3n<\/a><\/h3><\/div>\n\t\t\t\t\t\t\t<div class=\"post-meta-tags rt-el-post-meta\">\n\t\t\t\t\t            <span class='author '>\n\n\t\t\t\t<i class='fa fa-user '><\/i><a href=\"https:\/\/sermusicos.com\/index.php\/author\/sermusicos-com\/\">Rodrigo Granzella<\/a>\t\t\t<\/span>\n\t\t\t<span class='separator'>-<\/span>            <span class='date'>\n\t\t\t\t<i class='far fa-calendar-alt '><\/i>\t\t\t\t                    <a href=\"https:\/\/sermusicos.com\/index.php\/2024\/04\/23\/\">\n\t\t\t\t\t23 abril, 2024\t\t\t\t<\/a>\n\t\t\t\t\t\t\t<\/span>\n\t\t\t<span class='separator'>-<\/span>            <span class='categories-links'>\n\t\t\t\t<i class='fas fa-folder-open '><\/i><a class=\"produccion\" href=\"https:\/\/sermusicos.com\/index.php\/category\/produccion\/\">Producci\u00f3n Musical<\/a>\n\t\t\t<\/span>\n\t\t\t<span class='separator'>-<\/span>\t\t\t\t<\/div>\n\t\t\t\n\t\t\t\t\t\t\t<div class=\"tpg-excerpt tpg-el-excerpt\">\n\t\t\t\t\t\t\t\t\t\t\t<div class=\"tpg-excerpt-inner\">\n\t\t\t\t\t\t\tDescubre las nuevas y emocionantes funciones de Cubase 13, el DAW l\u00edder en la industria, que te permitir\u00e1n llevar tu m\u00fasica a un nuevo nivel...\t\t\t\t\t\t<\/div>\n\t\t\t\t\t\t\t\t\t\t\t\t\t\t<\/div>\n\t\t\t\n\t\t\t        <div class=\"post-footer\">\n            <div class=\"post-footer\">\n                <div class=\"read-more\">\n\t\t\t\t\t<a data-id=\"2427\" href=\"https:\/\/sermusicos.com\/index.php\/2024\/04\/23\/descubre-cubase-13-el-futuro-de-la-produccion\/\" class=\"tpg-post-link\" target=\"_self\">Leer<\/a>                <\/div>\n            <\/div>\n        <\/div>\n\t\t\t\t<\/div>\n\t<\/div>\n<\/div>\n\n<div class=\"rt-col-md-4 rt-col-sm-6 rt-col-xs-12 default rt-grid-item\" data-id=\"2410\">\n\t<div class=\"rt-holder tpg-post-holder\">\n\t\t<div class=\"rt-detail rt-el-content-wrapper\">\n\t\t\t\t\t\t\t<div class=\"rt-img-holder tpg-el-image-wrap has-thumbnail\">\n\t\t\t\t\t<a data-id=\"2410\" href=\"https:\/\/sermusicos.com\/index.php\/2024\/04\/22\/pop-de-los-70s-del-rock-psicodelico-al-disco\/\" class=\"tpg-post-link\" target=\"_self\">                        <img loading=\"lazy\" decoding=\"async\" src=\"https:\/\/sermusicos.com\/wp-content\/uploads\/2024\/04\/Pop-de.png\"\n                             class=\"rt-img-responsive\"\n                             width=\"1200\"\n                             height=\"800\"\n                             alt=\"pop\">\n\t\t\t\t\t\t\n\t\t\t\t\t\t\t\n\t\t<\/a>\n\t\t        <div class=\"overlay grid-hover-content\"><\/div>\n\t\t\t\t\t\t<\/div>\n\t\t\t\n\n\t\t\t<div class=\"entry-title-wrapper\"><h3 class=\"entry-title\"><a data-id=\"2410\" href=\"https:\/\/sermusicos.com\/index.php\/2024\/04\/22\/pop-de-los-70s-del-rock-psicodelico-al-disco\/\" class=\"tpg-post-link\" target=\"_self\">Pop de los 70s: Del rock psicod\u00e9lico al disco<\/a><\/h3><\/div>\n\t\t\t\t\t\t\t<div class=\"post-meta-tags rt-el-post-meta\">\n\t\t\t\t\t            <span class='author '>\n\n\t\t\t\t<i class='fa fa-user '><\/i><a href=\"https:\/\/sermusicos.com\/index.php\/author\/sermusicos-com\/\">Rodrigo Granzella<\/a>\t\t\t<\/span>\n\t\t\t<span class='separator'>-<\/span>            <span class='date'>\n\t\t\t\t<i class='far fa-calendar-alt '><\/i>\t\t\t\t                    <a href=\"https:\/\/sermusicos.com\/index.php\/2024\/04\/22\/\">\n\t\t\t\t\t22 abril, 2024\t\t\t\t<\/a>\n\t\t\t\t\t\t\t<\/span>\n\t\t\t<span class='separator'>-<\/span>            <span class='categories-links'>\n\t\t\t\t<i class='fas fa-folder-open '><\/i><a class=\"pop\" href=\"https:\/\/sermusicos.com\/index.php\/category\/generos\/pop\/\">M\u00fasica Pop<\/a>\n\t\t\t<\/span>\n\t\t\t<span class='separator'>-<\/span>\t\t\t\t<\/div>\n\t\t\t\n\t\t\t\t\t\t\t<div class=\"tpg-excerpt tpg-el-excerpt\">\n\t\t\t\t\t\t\t\t\t\t\t<div class=\"tpg-excerpt-inner\">\n\t\t\t\t\t\t\tDescubre la vibrante historia del pop de los a\u00f1os 70: desde el rock psicod\u00e9lico hasta el disco, funk y glam. Explora a sus exponentes, canciones y m\u00e1s...\t\t\t\t\t\t<\/div>\n\t\t\t\t\t\t\t\t\t\t\t\t\t\t<\/div>\n\t\t\t\n\t\t\t        <div class=\"post-footer\">\n            <div class=\"post-footer\">\n                <div class=\"read-more\">\n\t\t\t\t\t<a data-id=\"2410\" href=\"https:\/\/sermusicos.com\/index.php\/2024\/04\/22\/pop-de-los-70s-del-rock-psicodelico-al-disco\/\" class=\"tpg-post-link\" target=\"_self\">Leer<\/a>                <\/div>\n            <\/div>\n        <\/div>\n\t\t\t\t<\/div>\n\t<\/div>\n<\/div>\n\n<div class=\"rt-col-md-4 rt-col-sm-6 rt-col-xs-12 default rt-grid-item\" data-id=\"2405\">\n\t<div class=\"rt-holder tpg-post-holder\">\n\t\t<div class=\"rt-detail rt-el-content-wrapper\">\n\t\t\t\t\t\t\t<div class=\"rt-img-holder tpg-el-image-wrap has-thumbnail\">\n\t\t\t\t\t<a data-id=\"2405\" href=\"https:\/\/sermusicos.com\/index.php\/2024\/04\/20\/chord-ai-identifica-acordes-por-arte-de-magia\/\" class=\"tpg-post-link\" target=\"_self\">                        <img loading=\"lazy\" decoding=\"async\" src=\"https:\/\/sermusicos.com\/wp-content\/uploads\/2024\/01\/pexels-cottonbro-studio-6686455.jpg\"\n                             class=\"rt-img-responsive\"\n                             width=\"3952\"\n                             height=\"5928\"\n                             alt=\"chord.ai\">\n\t\t\t\t\t\t\n\t\t\t\t\t\t\t\n\t\t<\/a>\n\t\t        <div class=\"overlay grid-hover-content\"><\/div>\n\t\t\t\t\t\t<\/div>\n\t\t\t\n\n\t\t\t<div class=\"entry-title-wrapper\"><h3 class=\"entry-title\"><a data-id=\"2405\" href=\"https:\/\/sermusicos.com\/index.php\/2024\/04\/20\/chord-ai-identifica-acordes-por-arte-de-magia\/\" class=\"tpg-post-link\" target=\"_self\">Chord.ai: Identifica Acordes por arte de Magia<\/a><\/h3><\/div>\n\t\t\t\t\t\t\t<div class=\"post-meta-tags rt-el-post-meta\">\n\t\t\t\t\t            <span class='author '>\n\n\t\t\t\t<i class='fa fa-user '><\/i><a href=\"https:\/\/sermusicos.com\/index.php\/author\/sermusicos-com\/\">Rodrigo Granzella<\/a>\t\t\t<\/span>\n\t\t\t<span class='separator'>-<\/span>            <span class='date'>\n\t\t\t\t<i class='far fa-calendar-alt '><\/i>\t\t\t\t                    <a href=\"https:\/\/sermusicos.com\/index.php\/2024\/04\/20\/\">\n\t\t\t\t\t20 abril, 2024\t\t\t\t<\/a>\n\t\t\t\t\t\t\t<\/span>\n\t\t\t<span class='separator'>-<\/span>            <span class='categories-links'>\n\t\t\t\t<i class='fas fa-folder-open '><\/i><a class=\"apps_musica\" href=\"https:\/\/sermusicos.com\/index.php\/category\/teoria\/apps_musica\/\">Apps M\u00fasica<\/a>\n\t\t\t<\/span>\n\t\t\t<span class='separator'>-<\/span>\t\t\t\t<\/div>\n\t\t\t\n\t\t\t\t\t\t\t<div class=\"tpg-excerpt tpg-el-excerpt\">\n\t\t\t\t\t\t\t\t\t\t\t<div class=\"tpg-excerpt-inner\">\n\t\t\t\t\t\t\tChord.ai: la app de IA que revoluciona la forma de aprender y disfrutar la m\u00fasica. Identifica acordes de canciones por URL, YouTube, micr\u00f3fono o archivos...\t\t\t\t\t\t<\/div>\n\t\t\t\t\t\t\t\t\t\t\t\t\t\t<\/div>\n\t\t\t\n\t\t\t        <div class=\"post-footer\">\n            <div class=\"post-footer\">\n                <div class=\"read-more\">\n\t\t\t\t\t<a data-id=\"2405\" href=\"https:\/\/sermusicos.com\/index.php\/2024\/04\/20\/chord-ai-identifica-acordes-por-arte-de-magia\/\" class=\"tpg-post-link\" target=\"_self\">Leer<\/a>                <\/div>\n            <\/div>\n        <\/div>\n\t\t\t\t<\/div>\n\t<\/div>\n<\/div>\n\n<div class=\"rt-col-md-4 rt-col-sm-6 rt-col-xs-12 default rt-grid-item\" data-id=\"2362\">\n\t<div class=\"rt-holder tpg-post-holder\">\n\t\t<div class=\"rt-detail rt-el-content-wrapper\">\n\t\t\t\t\t\t\t<div class=\"rt-img-holder tpg-el-image-wrap has-thumbnail\">\n\t\t\t\t\t<a data-id=\"2362\" href=\"https:\/\/sermusicos.com\/index.php\/2024\/04\/19\/pop-de-los-60s-los-anos-que-redefinieron-la-musica-popular\/\" class=\"tpg-post-link\" target=\"_self\">                        <img loading=\"lazy\" decoding=\"async\" src=\"https:\/\/sermusicos.com\/wp-content\/uploads\/2024\/04\/Thebeatles.jpg\"\n                             class=\"rt-img-responsive\"\n                             width=\"6496\"\n                             height=\"4787\"\n                             alt=\"pop\">\n\t\t\t\t\t\t\n\t\t\t\t\t\t\t\n\t\t<\/a>\n\t\t        <div class=\"overlay grid-hover-content\"><\/div>\n\t\t\t\t\t\t<\/div>\n\t\t\t\n\n\t\t\t<div class=\"entry-title-wrapper\"><h3 class=\"entry-title\"><a data-id=\"2362\" href=\"https:\/\/sermusicos.com\/index.php\/2024\/04\/19\/pop-de-los-60s-los-anos-que-redefinieron-la-musica-popular\/\" class=\"tpg-post-link\" target=\"_self\">Pop de los 60&#8217;s: Los a\u00f1os que redefinieron la m\u00fasica popular<\/a><\/h3><\/div>\n\t\t\t\t\t\t\t<div class=\"post-meta-tags rt-el-post-meta\">\n\t\t\t\t\t            <span class='author '>\n\n\t\t\t\t<i class='fa fa-user '><\/i><a href=\"https:\/\/sermusicos.com\/index.php\/author\/sermusicos-com\/\">Rodrigo Granzella<\/a>\t\t\t<\/span>\n\t\t\t<span class='separator'>-<\/span>            <span class='date'>\n\t\t\t\t<i class='far fa-calendar-alt '><\/i>\t\t\t\t                    <a href=\"https:\/\/sermusicos.com\/index.php\/2024\/04\/19\/\">\n\t\t\t\t\t19 abril, 2024\t\t\t\t<\/a>\n\t\t\t\t\t\t\t<\/span>\n\t\t\t<span class='separator'>-<\/span>            <span class='categories-links'>\n\t\t\t\t<i class='fas fa-folder-open '><\/i><a class=\"pop\" href=\"https:\/\/sermusicos.com\/index.php\/category\/generos\/pop\/\">M\u00fasica Pop<\/a>\n\t\t\t<\/span>\n\t\t\t<span class='separator'>-<\/span>\t\t\t\t<\/div>\n\t\t\t\n\t\t\t\t\t\t\t<div class=\"tpg-excerpt tpg-el-excerpt\">\n\t\t\t\t\t\t\t\t\t\t\t<div class=\"tpg-excerpt-inner\">\n\t\t\t\t\t\t\tUn recorrido por la vibrante era del pop de los a\u00f1os 60, donde la m\u00fasica se convirti\u00f3 en un s\u00edmbolo de libertad, experimentaci\u00f3n y cambio social...\t\t\t\t\t\t<\/div>\n\t\t\t\t\t\t\t\t\t\t\t\t\t\t<\/div>\n\t\t\t\n\t\t\t        <div class=\"post-footer\">\n            <div class=\"post-footer\">\n                <div class=\"read-more\">\n\t\t\t\t\t<a data-id=\"2362\" href=\"https:\/\/sermusicos.com\/index.php\/2024\/04\/19\/pop-de-los-60s-los-anos-que-redefinieron-la-musica-popular\/\" class=\"tpg-post-link\" target=\"_self\">Leer<\/a>                <\/div>\n            <\/div>\n        <\/div>\n\t\t\t\t<\/div>\n\t<\/div>\n<\/div>\n\n<div class=\"rt-col-md-4 rt-col-sm-6 rt-col-xs-12 default rt-grid-item\" data-id=\"2377\">\n\t<div class=\"rt-holder tpg-post-holder\">\n\t\t<div class=\"rt-detail rt-el-content-wrapper\">\n\t\t\t\t\t\t\t<div class=\"rt-img-holder tpg-el-image-wrap has-thumbnail\">\n\t\t\t\t\t<a data-id=\"2377\" href=\"https:\/\/sermusicos.com\/index.php\/2024\/04\/19\/skydust-3d-desata-tu-imaginacion-con-sonido-3d\/\" class=\"tpg-post-link\" target=\"_self\">                        <img loading=\"lazy\" decoding=\"async\" src=\"https:\/\/sermusicos.com\/wp-content\/uploads\/2024\/04\/SKYDUST3D.png\"\n                             class=\"rt-img-responsive\"\n                             width=\"1032\"\n                             height=\"699\"\n                             alt=\"SkyDust\">\n\t\t\t\t\t\t\n\t\t\t\t\t\t\t\n\t\t<\/a>\n\t\t        <div class=\"overlay grid-hover-content\"><\/div>\n\t\t\t\t\t\t<\/div>\n\t\t\t\n\n\t\t\t<div class=\"entry-title-wrapper\"><h3 class=\"entry-title\"><a data-id=\"2377\" href=\"https:\/\/sermusicos.com\/index.php\/2024\/04\/19\/skydust-3d-desata-tu-imaginacion-con-sonido-3d\/\" class=\"tpg-post-link\" target=\"_self\">SkyDust 3D Desata tu Imaginaci\u00f3n con Sonido 3D<\/a><\/h3><\/div>\n\t\t\t\t\t\t\t<div class=\"post-meta-tags rt-el-post-meta\">\n\t\t\t\t\t            <span class='author '>\n\n\t\t\t\t<i class='fa fa-user '><\/i><a href=\"https:\/\/sermusicos.com\/index.php\/author\/sermusicos-com\/\">Rodrigo Granzella<\/a>\t\t\t<\/span>\n\t\t\t<span class='separator'>-<\/span>            <span class='date'>\n\t\t\t\t<i class='far fa-calendar-alt '><\/i>\t\t\t\t                    <a href=\"https:\/\/sermusicos.com\/index.php\/2024\/04\/19\/\">\n\t\t\t\t\t19 abril, 2024\t\t\t\t<\/a>\n\t\t\t\t\t\t\t<\/span>\n\t\t\t<span class='separator'>-<\/span>            <span class='categories-links'>\n\t\t\t\t<i class='fas fa-folder-open '><\/i><a class=\"plugins\" href=\"https:\/\/sermusicos.com\/index.php\/category\/plugins\/\">Plugins y VST<\/a>\n\t\t\t<\/span>\n\t\t\t<span class='separator'>-<\/span>\t\t\t\t<\/div>\n\t\t\t\n\t\t\t\t\t\t\t<div class=\"tpg-excerpt tpg-el-excerpt\">\n\t\t\t\t\t\t\t\t\t\t\t<div class=\"tpg-excerpt-inner\">\n\t\t\t\t\t\t\tSkyDust 3D, el Sinte Espacial que redefine el audio inmersivo. Experimenta una nueva dimensi\u00f3n con este plugin innovador. Crea sonidos 3D en est\u00e9reo o Dolby...\t\t\t\t\t\t<\/div>\n\t\t\t\t\t\t\t\t\t\t\t\t\t\t<\/div>\n\t\t\t\n\t\t\t        <div class=\"post-footer\">\n            <div class=\"post-footer\">\n                <div class=\"read-more\">\n\t\t\t\t\t<a data-id=\"2377\" href=\"https:\/\/sermusicos.com\/index.php\/2024\/04\/19\/skydust-3d-desata-tu-imaginacion-con-sonido-3d\/\" class=\"tpg-post-link\" target=\"_self\">Leer<\/a>                <\/div>\n            <\/div>\n        <\/div>\n\t\t\t\t<\/div>\n\t<\/div>\n<\/div>\n\n<div class=\"rt-col-md-4 rt-col-sm-6 rt-col-xs-12 default rt-grid-item\" data-id=\"2316\">\n\t<div class=\"rt-holder tpg-post-holder\">\n\t\t<div class=\"rt-detail rt-el-content-wrapper\">\n\t\t\t\t\t\t\t<div class=\"rt-img-holder tpg-el-image-wrap has-thumbnail\">\n\t\t\t\t\t<a data-id=\"2316\" href=\"https:\/\/sermusicos.com\/index.php\/2024\/04\/18\/pop-de-los-50s-los-pioneros-y-su-impacto\/\" class=\"tpg-post-link\" target=\"_self\">                        <img loading=\"lazy\" decoding=\"async\" src=\"https:\/\/sermusicos.com\/wp-content\/uploads\/2024\/04\/ELVIS-Y-CHUCK.png\"\n                             class=\"rt-img-responsive\"\n                             width=\"1200\"\n                             height=\"800\"\n                             alt=\"pop\">\n\t\t\t\t\t\t\n\t\t\t\t\t\t\t\n\t\t<\/a>\n\t\t        <div class=\"overlay grid-hover-content\"><\/div>\n\t\t\t\t\t\t<\/div>\n\t\t\t\n\n\t\t\t<div class=\"entry-title-wrapper\"><h3 class=\"entry-title\"><a data-id=\"2316\" href=\"https:\/\/sermusicos.com\/index.php\/2024\/04\/18\/pop-de-los-50s-los-pioneros-y-su-impacto\/\" class=\"tpg-post-link\" target=\"_self\">Pop de los 50s: Los pioneros y su impacto<\/a><\/h3><\/div>\n\t\t\t\t\t\t\t<div class=\"post-meta-tags rt-el-post-meta\">\n\t\t\t\t\t            <span class='author '>\n\n\t\t\t\t<i class='fa fa-user '><\/i><a href=\"https:\/\/sermusicos.com\/index.php\/author\/sermusicos-com\/\">Rodrigo Granzella<\/a>\t\t\t<\/span>\n\t\t\t<span class='separator'>-<\/span>            <span class='date'>\n\t\t\t\t<i class='far fa-calendar-alt '><\/i>\t\t\t\t                    <a href=\"https:\/\/sermusicos.com\/index.php\/2024\/04\/18\/\">\n\t\t\t\t\t18 abril, 2024\t\t\t\t<\/a>\n\t\t\t\t\t\t\t<\/span>\n\t\t\t<span class='separator'>-<\/span>            <span class='categories-links'>\n\t\t\t\t<i class='fas fa-folder-open '><\/i><a class=\"pop\" href=\"https:\/\/sermusicos.com\/index.php\/category\/generos\/pop\/\">M\u00fasica Pop<\/a>\n\t\t\t<\/span>\n\t\t\t<span class='separator'>-<\/span>\t\t\t\t<\/div>\n\t\t\t\n\t\t\t\t\t\t\t<div class=\"tpg-excerpt tpg-el-excerpt\">\n\t\t\t\t\t\t\t\t\t\t\t<div class=\"tpg-excerpt-inner\">\n\t\t\t\t\t\t\tUn viaje a los or\u00edgenes del pop: descubre los artistas, canciones y eventos que definieron la d\u00e9cada de 1950 y sentaron las bases para la m\u00fasica popular moderna...\t\t\t\t\t\t<\/div>\n\t\t\t\t\t\t\t\t\t\t\t\t\t\t<\/div>\n\t\t\t\n\t\t\t        <div class=\"post-footer\">\n            <div class=\"post-footer\">\n                <div class=\"read-more\">\n\t\t\t\t\t<a data-id=\"2316\" href=\"https:\/\/sermusicos.com\/index.php\/2024\/04\/18\/pop-de-los-50s-los-pioneros-y-su-impacto\/\" class=\"tpg-post-link\" target=\"_self\">Leer<\/a>                <\/div>\n            <\/div>\n        <\/div>\n\t\t\t\t<\/div>\n\t<\/div>\n<\/div>\n\n<div class=\"rt-col-md-4 rt-col-sm-6 rt-col-xs-12 default rt-grid-item\" data-id=\"2159\">\n\t<div class=\"rt-holder tpg-post-holder\">\n\t\t<div class=\"rt-detail rt-el-content-wrapper\">\n\t\t\t\t\t\t\t<div class=\"rt-img-holder tpg-el-image-wrap has-thumbnail\">\n\t\t\t\t\t<a data-id=\"2159\" href=\"https:\/\/sermusicos.com\/index.php\/2024\/04\/17\/shelly-sony-una-voz-que-conquista-el-mundo\/\" class=\"tpg-post-link\" target=\"_self\">                        <img loading=\"lazy\" decoding=\"async\" src=\"https:\/\/sermusicos.com\/wp-content\/uploads\/2024\/04\/Produccion-Brokers-2022.jpeg\"\n                             class=\"rt-img-responsive\"\n                             width=\"1280\"\n                             height=\"854\"\n                             alt=\"Shelly Sony\">\n\t\t\t\t\t\t\n\t\t\t\t\t\t\t\n\t\t<\/a>\n\t\t        <div class=\"overlay grid-hover-content\"><\/div>\n\t\t\t\t\t\t<\/div>\n\t\t\t\n\n\t\t\t<div class=\"entry-title-wrapper\"><h3 class=\"entry-title\"><a data-id=\"2159\" href=\"https:\/\/sermusicos.com\/index.php\/2024\/04\/17\/shelly-sony-una-voz-que-conquista-el-mundo\/\" class=\"tpg-post-link\" target=\"_self\">\u00a1Shelly Sony: Una voz que conquista el mundo!<\/a><\/h3><\/div>\n\t\t\t\t\t\t\t<div class=\"post-meta-tags rt-el-post-meta\">\n\t\t\t\t\t            <span class='author '>\n\n\t\t\t\t<i class='fa fa-user '><\/i><a href=\"https:\/\/sermusicos.com\/index.php\/author\/sermusicos-com\/\">Rodrigo Granzella<\/a>\t\t\t<\/span>\n\t\t\t<span class='separator'>-<\/span>            <span class='date'>\n\t\t\t\t<i class='far fa-calendar-alt '><\/i>\t\t\t\t                    <a href=\"https:\/\/sermusicos.com\/index.php\/2024\/04\/17\/\">\n\t\t\t\t\t17 abril, 2024\t\t\t\t<\/a>\n\t\t\t\t\t\t\t<\/span>\n\t\t\t<span class='separator'>-<\/span>            <span class='categories-links'>\n\t\t\t\t<i class='fas fa-folder-open '><\/i><a class=\"artistas-emergentes\" href=\"https:\/\/sermusicos.com\/index.php\/category\/artistas-emergentes\/\">Artistas Emergentes<\/a>\n\t\t\t<\/span>\n\t\t\t<span class='separator'>-<\/span>\t\t\t\t<\/div>\n\t\t\t\n\t\t\t\t\t\t\t<div class=\"tpg-excerpt tpg-el-excerpt\">\n\t\t\t\t\t\t\t\t\t\t\t<div class=\"tpg-excerpt-inner\">\n\t\t\t\t\t\t\tShelly Sony, la artista que ha conquistado el coraz\u00f3n del p\u00fablico con su voz y su talento desbordante. Descubre su historia, su m\u00fasica y su energ\u00eda contagiosa...\t\t\t\t\t\t<\/div>\n\t\t\t\t\t\t\t\t\t\t\t\t\t\t<\/div>\n\t\t\t\n\t\t\t        <div class=\"post-footer\">\n            <div class=\"post-footer\">\n                <div class=\"read-more\">\n\t\t\t\t\t<a data-id=\"2159\" href=\"https:\/\/sermusicos.com\/index.php\/2024\/04\/17\/shelly-sony-una-voz-que-conquista-el-mundo\/\" class=\"tpg-post-link\" target=\"_self\">Leer<\/a>                <\/div>\n            <\/div>\n        <\/div>\n\t\t\t\t<\/div>\n\t<\/div>\n<\/div>\n\n<div class=\"rt-col-md-4 rt-col-sm-6 rt-col-xs-12 default rt-grid-item\" data-id=\"2213\">\n\t<div class=\"rt-holder tpg-post-holder\">\n\t\t<div class=\"rt-detail rt-el-content-wrapper\">\n\t\t\t\t\t\t\t<div class=\"rt-img-holder tpg-el-image-wrap has-thumbnail\">\n\t\t\t\t\t<a data-id=\"2213\" href=\"https:\/\/sermusicos.com\/index.php\/2024\/04\/15\/michael-jackson-la-carta-profetica-del-rey\/\" class=\"tpg-post-link\" target=\"_self\">                        <img loading=\"lazy\" decoding=\"async\" src=\"https:\/\/sermusicos.com\/wp-content\/uploads\/2024\/04\/Michael-Jackson.png\"\n                             class=\"rt-img-responsive\"\n                             width=\"1200\"\n                             height=\"800\"\n                             alt=\"Michael Jackson\">\n\t\t\t\t\t\t\n\t\t\t\t\t\t\t\n\t\t<\/a>\n\t\t        <div class=\"overlay grid-hover-content\"><\/div>\n\t\t\t\t\t\t<\/div>\n\t\t\t\n\n\t\t\t<div class=\"entry-title-wrapper\"><h3 class=\"entry-title\"><a data-id=\"2213\" href=\"https:\/\/sermusicos.com\/index.php\/2024\/04\/15\/michael-jackson-la-carta-profetica-del-rey\/\" class=\"tpg-post-link\" target=\"_self\">Michael Jackson: La carta prof\u00e9tica del Rey<\/a><\/h3><\/div>\n\t\t\t\t\t\t\t<div class=\"post-meta-tags rt-el-post-meta\">\n\t\t\t\t\t            <span class='author '>\n\n\t\t\t\t<i class='fa fa-user '><\/i><a href=\"https:\/\/sermusicos.com\/index.php\/author\/sermusicos-com\/\">Rodrigo Granzella<\/a>\t\t\t<\/span>\n\t\t\t<span class='separator'>-<\/span>            <span class='date'>\n\t\t\t\t<i class='far fa-calendar-alt '><\/i>\t\t\t\t                    <a href=\"https:\/\/sermusicos.com\/index.php\/2024\/04\/15\/\">\n\t\t\t\t\t15 abril, 2024\t\t\t\t<\/a>\n\t\t\t\t\t\t\t<\/span>\n\t\t\t<span class='separator'>-<\/span>            <span class='categories-links'>\n\t\t\t\t<i class='fas fa-folder-open '><\/i><a class=\"artistas-emergentes\" href=\"https:\/\/sermusicos.com\/index.php\/category\/artistas-emergentes\/\">Artistas Emergentes<\/a>\n\t\t\t<\/span>\n\t\t\t<span class='separator'>-<\/span>\t\t\t\t<\/div>\n\t\t\t\n\t\t\t\t\t\t\t<div class=\"tpg-excerpt tpg-el-excerpt\">\n\t\t\t\t\t\t\t\t\t\t\t<div class=\"tpg-excerpt-inner\">\n\t\t\t\t\t\t\tEntra en la mente de Michael Jackson con una carta que se escribi\u00f3 a s\u00ed mismo a los 21 a\u00f1os. Las ambiciones, sue\u00f1os y profec\u00edas que lo convirtieron en leyenda...\t\t\t\t\t\t<\/div>\n\t\t\t\t\t\t\t\t\t\t\t\t\t\t<\/div>\n\t\t\t\n\t\t\t        <div class=\"post-footer\">\n            <div class=\"post-footer\">\n                <div class=\"read-more\">\n\t\t\t\t\t<a data-id=\"2213\" href=\"https:\/\/sermusicos.com\/index.php\/2024\/04\/15\/michael-jackson-la-carta-profetica-del-rey\/\" class=\"tpg-post-link\" target=\"_self\">Leer<\/a>                <\/div>\n            <\/div>\n        <\/div>\n\t\t\t\t<\/div>\n\t<\/div>\n<\/div>\n\n<div class=\"rt-col-md-4 rt-col-sm-6 rt-col-xs-12 default rt-grid-item\" data-id=\"2202\">\n\t<div class=\"rt-holder tpg-post-holder\">\n\t\t<div class=\"rt-detail rt-el-content-wrapper\">\n\t\t\t\t\t\t\t<div class=\"rt-img-holder tpg-el-image-wrap has-thumbnail\">\n\t\t\t\t\t<a data-id=\"2202\" href=\"https:\/\/sermusicos.com\/index.php\/2024\/04\/15\/muso-ai-reclama-tus-creditos-musicales\/\" class=\"tpg-post-link\" target=\"_self\">                        <img loading=\"lazy\" decoding=\"async\" src=\"https:\/\/sermusicos.com\/wp-content\/uploads\/2024\/04\/muso-ai-e1641252494335.jpeg\"\n                             class=\"rt-img-responsive\"\n                             width=\"1186\"\n                             height=\"667\"\n                             alt=\"muso.ai\">\n\t\t\t\t\t\t\n\t\t\t\t\t\t\t\n\t\t<\/a>\n\t\t        <div class=\"overlay grid-hover-content\"><\/div>\n\t\t\t\t\t\t<\/div>\n\t\t\t\n\n\t\t\t<div class=\"entry-title-wrapper\"><h3 class=\"entry-title\"><a data-id=\"2202\" href=\"https:\/\/sermusicos.com\/index.php\/2024\/04\/15\/muso-ai-reclama-tus-creditos-musicales\/\" class=\"tpg-post-link\" target=\"_self\">Muso.ai: \u00a1Reclama tus cr\u00e9ditos musicales!<\/a><\/h3><\/div>\n\t\t\t\t\t\t\t<div class=\"post-meta-tags rt-el-post-meta\">\n\t\t\t\t\t            <span class='author '>\n\n\t\t\t\t<i class='fa fa-user '><\/i><a href=\"https:\/\/sermusicos.com\/index.php\/author\/sermusicos-com\/\">Rodrigo Granzella<\/a>\t\t\t<\/span>\n\t\t\t<span class='separator'>-<\/span>            <span class='date'>\n\t\t\t\t<i class='far fa-calendar-alt '><\/i>\t\t\t\t                    <a href=\"https:\/\/sermusicos.com\/index.php\/2024\/04\/15\/\">\n\t\t\t\t\t15 abril, 2024\t\t\t\t<\/a>\n\t\t\t\t\t\t\t<\/span>\n\t\t\t<span class='separator'>-<\/span>            <span class='categories-links'>\n\t\t\t\t<i class='fas fa-folder-open '><\/i><a class=\"apps_musica\" href=\"https:\/\/sermusicos.com\/index.php\/category\/teoria\/apps_musica\/\">Apps M\u00fasica<\/a><span class=\"rt-separator\">,<\/span><a class=\"negocio\" href=\"https:\/\/sermusicos.com\/index.php\/category\/negocio\/\">Negocios Musicales<\/a>\n\t\t\t<\/span>\n\t\t\t<span class='separator'>-<\/span>\t\t\t\t<\/div>\n\t\t\t\n\t\t\t\t\t\t\t<div class=\"tpg-excerpt tpg-el-excerpt\">\n\t\t\t\t\t\t\t\t\t\t\t<div class=\"tpg-excerpt-inner\">\n\t\t\t\t\t\t\tMuso.ai: Reclama tus cr\u00e9ditos, obt\u00e9n an\u00e1lisis y aumenta tu visibilidad en la era digital. La soluci\u00f3n para artistas, productores y profesionales de la m\u00fasica...\t\t\t\t\t\t<\/div>\n\t\t\t\t\t\t\t\t\t\t\t\t\t\t<\/div>\n\t\t\t\n\t\t\t        <div class=\"post-footer\">\n            <div class=\"post-footer\">\n                <div class=\"read-more\">\n\t\t\t\t\t<a data-id=\"2202\" href=\"https:\/\/sermusicos.com\/index.php\/2024\/04\/15\/muso-ai-reclama-tus-creditos-musicales\/\" class=\"tpg-post-link\" target=\"_self\">Leer<\/a>                <\/div>\n            <\/div>\n        <\/div>\n\t\t\t\t<\/div>\n\t<\/div>\n<\/div>\n\n<div class=\"rt-col-md-4 rt-col-sm-6 rt-col-xs-12 default rt-grid-item\" data-id=\"2150\">\n\t<div class=\"rt-holder tpg-post-holder\">\n\t\t<div class=\"rt-detail rt-el-content-wrapper\">\n\t\t\t\t\t\t\t<div class=\"rt-img-holder tpg-el-image-wrap has-thumbnail\">\n\t\t\t\t\t<a data-id=\"2150\" href=\"https:\/\/sermusicos.com\/index.php\/2024\/04\/13\/basslane-plugin-revolucionario-para-tu-mezcla\/\" class=\"tpg-post-link\" target=\"_self\">                        <img loading=\"lazy\" decoding=\"async\" src=\"https:\/\/sermusicos.com\/wp-content\/uploads\/2024\/04\/basslane_screen.jpg\"\n                             class=\"rt-img-responsive\"\n                             width=\"1726\"\n                             height=\"889\"\n                             alt=\"basslane\">\n\t\t\t\t\t\t\n\t\t\t\t\t\t\t\n\t\t<\/a>\n\t\t        <div class=\"overlay grid-hover-content\"><\/div>\n\t\t\t\t\t\t<\/div>\n\t\t\t\n\n\t\t\t<div class=\"entry-title-wrapper\"><h3 class=\"entry-title\"><a data-id=\"2150\" href=\"https:\/\/sermusicos.com\/index.php\/2024\/04\/13\/basslane-plugin-revolucionario-para-tu-mezcla\/\" class=\"tpg-post-link\" target=\"_self\">Basslane: Plugin Revolucionario para tu Mezcla<\/a><\/h3><\/div>\n\t\t\t\t\t\t\t<div class=\"post-meta-tags rt-el-post-meta\">\n\t\t\t\t\t            <span class='author '>\n\n\t\t\t\t<i class='fa fa-user '><\/i><a href=\"https:\/\/sermusicos.com\/index.php\/author\/sermusicos-com\/\">Rodrigo Granzella<\/a>\t\t\t<\/span>\n\t\t\t<span class='separator'>-<\/span>            <span class='date'>\n\t\t\t\t<i class='far fa-calendar-alt '><\/i>\t\t\t\t                    <a href=\"https:\/\/sermusicos.com\/index.php\/2024\/04\/13\/\">\n\t\t\t\t\t13 abril, 2024\t\t\t\t<\/a>\n\t\t\t\t\t\t\t<\/span>\n\t\t\t<span class='separator'>-<\/span>            <span class='categories-links'>\n\t\t\t\t<i class='fas fa-folder-open '><\/i><a class=\"plugins\" href=\"https:\/\/sermusicos.com\/index.php\/category\/plugins\/\">Plugins y VST<\/a>\n\t\t\t<\/span>\n\t\t\t<span class='separator'>-<\/span>\t\t\t\t<\/div>\n\t\t\t\n\t\t\t\t\t\t\t<div class=\"tpg-excerpt tpg-el-excerpt\">\n\t\t\t\t\t\t\t\t\t\t\t<div class=\"tpg-excerpt-inner\">\n\t\t\t\t\t\t\tBasslane controla el ancho est\u00e9reo de las bajas frecuencias en tus mezclas. Inyecta arm\u00f3nicos de graves superiores y consigue un sonido preciso y profesional...\t\t\t\t\t\t<\/div>\n\t\t\t\t\t\t\t\t\t\t\t\t\t\t<\/div>\n\t\t\t\n\t\t\t        <div class=\"post-footer\">\n            <div class=\"post-footer\">\n                <div class=\"read-more\">\n\t\t\t\t\t<a data-id=\"2150\" href=\"https:\/\/sermusicos.com\/index.php\/2024\/04\/13\/basslane-plugin-revolucionario-para-tu-mezcla\/\" class=\"tpg-post-link\" target=\"_self\">Leer<\/a>                <\/div>\n            <\/div>\n        <\/div>\n\t\t\t\t<\/div>\n\t<\/div>\n<\/div>\n\n<div class=\"rt-col-md-4 rt-col-sm-6 rt-col-xs-12 default rt-grid-item\" data-id=\"2101\">\n\t<div class=\"rt-holder tpg-post-holder\">\n\t\t<div class=\"rt-detail rt-el-content-wrapper\">\n\t\t\t\t\t\t\t<div class=\"rt-img-holder tpg-el-image-wrap has-thumbnail\">\n\t\t\t\t\t<a data-id=\"2101\" href=\"https:\/\/sermusicos.com\/index.php\/2024\/04\/13\/posromanticismo-puente-entre-pasado-y-futuro\/\" class=\"tpg-post-link\" target=\"_self\">                        <img loading=\"lazy\" decoding=\"async\" src=\"https:\/\/sermusicos.com\/wp-content\/uploads\/2024\/04\/Musica-del-Post-Romanticismo.png\"\n                             class=\"rt-img-responsive\"\n                             width=\"1200\"\n                             height=\"800\"\n                             alt=\"posromanticismo\">\n\t\t\t\t\t\t\n\t\t\t\t\t\t\t\n\t\t<\/a>\n\t\t        <div class=\"overlay grid-hover-content\"><\/div>\n\t\t\t\t\t\t<\/div>\n\t\t\t\n\n\t\t\t<div class=\"entry-title-wrapper\"><h3 class=\"entry-title\"><a data-id=\"2101\" href=\"https:\/\/sermusicos.com\/index.php\/2024\/04\/13\/posromanticismo-puente-entre-pasado-y-futuro\/\" class=\"tpg-post-link\" target=\"_self\">Posromanticismo: Puente entre Pasado y Futuro<\/a><\/h3><\/div>\n\t\t\t\t\t\t\t<div class=\"post-meta-tags rt-el-post-meta\">\n\t\t\t\t\t            <span class='author '>\n\n\t\t\t\t<i class='fa fa-user '><\/i><a href=\"https:\/\/sermusicos.com\/index.php\/author\/sermusicos-com\/\">Rodrigo Granzella<\/a>\t\t\t<\/span>\n\t\t\t<span class='separator'>-<\/span>            <span class='date'>\n\t\t\t\t<i class='far fa-calendar-alt '><\/i>\t\t\t\t                    <a href=\"https:\/\/sermusicos.com\/index.php\/2024\/04\/13\/\">\n\t\t\t\t\t13 abril, 2024\t\t\t\t<\/a>\n\t\t\t\t\t\t\t<\/span>\n\t\t\t<span class='separator'>-<\/span>            <span class='categories-links'>\n\t\t\t\t<i class='fas fa-folder-open '><\/i><a class=\"clasica\" href=\"https:\/\/sermusicos.com\/index.php\/category\/generos\/clasica\/\">M\u00fasica Cl\u00e1sica<\/a>\n\t\t\t<\/span>\n\t\t\t<span class='separator'>-<\/span>\t\t\t\t<\/div>\n\t\t\t\n\t\t\t\t\t\t\t<div class=\"tpg-excerpt tpg-el-excerpt\">\n\t\t\t\t\t\t\t\t\t\t\t<div class=\"tpg-excerpt-inner\">\n\t\t\t\t\t\t\tAd\u00e9ntrate en la fascinante m\u00fasica del posromanticismo, un per\u00edodo de transici\u00f3n y experimentaci\u00f3n que marc\u00f3 un hito en la historia musical...\t\t\t\t\t\t<\/div>\n\t\t\t\t\t\t\t\t\t\t\t\t\t\t<\/div>\n\t\t\t\n\t\t\t        <div class=\"post-footer\">\n            <div class=\"post-footer\">\n                <div class=\"read-more\">\n\t\t\t\t\t<a data-id=\"2101\" href=\"https:\/\/sermusicos.com\/index.php\/2024\/04\/13\/posromanticismo-puente-entre-pasado-y-futuro\/\" class=\"tpg-post-link\" target=\"_self\">Leer<\/a>                <\/div>\n            <\/div>\n        <\/div>\n\t\t\t\t<\/div>\n\t<\/div>\n<\/div>\n\n<div class=\"rt-col-md-4 rt-col-sm-6 rt-col-xs-12 default rt-grid-item\" data-id=\"1953\">\n\t<div class=\"rt-holder tpg-post-holder\">\n\t\t<div class=\"rt-detail rt-el-content-wrapper\">\n\t\t\t\t\t\t\t<div class=\"rt-img-holder tpg-el-image-wrap has-thumbnail\">\n\t\t\t\t\t<a data-id=\"1953\" href=\"https:\/\/sermusicos.com\/index.php\/2024\/04\/12\/geronimo-el-psytrance-de-argentina-al-mundo\/\" class=\"tpg-post-link\" target=\"_self\">                        <img loading=\"lazy\" decoding=\"async\" src=\"https:\/\/sermusicos.com\/wp-content\/uploads\/2024\/04\/DSC_4256.jpg\"\n                             class=\"rt-img-responsive\"\n                             width=\"3936\"\n                             height=\"2624\"\n                             alt=\"psytrance\">\n\t\t\t\t\t\t\n\t\t\t\t\t\t\t\n\t\t<\/a>\n\t\t        <div class=\"overlay grid-hover-content\"><\/div>\n\t\t\t\t\t\t<\/div>\n\t\t\t\n\n\t\t\t<div class=\"entry-title-wrapper\"><h3 class=\"entry-title\"><a data-id=\"1953\" href=\"https:\/\/sermusicos.com\/index.php\/2024\/04\/12\/geronimo-el-psytrance-de-argentina-al-mundo\/\" class=\"tpg-post-link\" target=\"_self\">Geronimo: El PsyTrance de Argentina al Mundo<\/a><\/h3><\/div>\n\t\t\t\t\t\t\t<div class=\"post-meta-tags rt-el-post-meta\">\n\t\t\t\t\t            <span class='author '>\n\n\t\t\t\t<i class='fa fa-user '><\/i><a href=\"https:\/\/sermusicos.com\/index.php\/author\/sermusicos-com\/\">Rodrigo Granzella<\/a>\t\t\t<\/span>\n\t\t\t<span class='separator'>-<\/span>            <span class='date'>\n\t\t\t\t<i class='far fa-calendar-alt '><\/i>\t\t\t\t                    <a href=\"https:\/\/sermusicos.com\/index.php\/2024\/04\/12\/\">\n\t\t\t\t\t12 abril, 2024\t\t\t\t<\/a>\n\t\t\t\t\t\t\t<\/span>\n\t\t\t<span class='separator'>-<\/span>            <span class='categories-links'>\n\t\t\t\t<i class='fas fa-folder-open '><\/i><a class=\"artistas-emergentes\" href=\"https:\/\/sermusicos.com\/index.php\/category\/artistas-emergentes\/\">Artistas Emergentes<\/a>\n\t\t\t<\/span>\n\t\t\t<span class='separator'>-<\/span>\t\t\t\t<\/div>\n\t\t\t\n\t\t\t\t\t\t\t<div class=\"tpg-excerpt tpg-el-excerpt\">\n\t\t\t\t\t\t\t\t\t\t\t<div class=\"tpg-excerpt-inner\">\n\t\t\t\t\t\t\tEntrevista exclusiva con Geronimo, el DJ argentino que revoluciona el PsyTrance. Descubre su trayectoria, secretos y consejos para convertirte en un profesional...\t\t\t\t\t\t<\/div>\n\t\t\t\t\t\t\t\t\t\t\t\t\t\t<\/div>\n\t\t\t\n\t\t\t        <div class=\"post-footer\">\n            <div class=\"post-footer\">\n                <div class=\"read-more\">\n\t\t\t\t\t<a data-id=\"1953\" href=\"https:\/\/sermusicos.com\/index.php\/2024\/04\/12\/geronimo-el-psytrance-de-argentina-al-mundo\/\" class=\"tpg-post-link\" target=\"_self\">Leer<\/a>                <\/div>\n            <\/div>\n        <\/div>\n\t\t\t\t<\/div>\n\t<\/div>\n<\/div>\n\n<div class=\"rt-col-md-4 rt-col-sm-6 rt-col-xs-12 default rt-grid-item\" data-id=\"1911\">\n\t<div class=\"rt-holder tpg-post-holder\">\n\t\t<div class=\"rt-detail rt-el-content-wrapper\">\n\t\t\t\t\t\t\t<div class=\"rt-img-holder tpg-el-image-wrap has-thumbnail\">\n\t\t\t\t\t<a data-id=\"1911\" href=\"https:\/\/sermusicos.com\/index.php\/2024\/04\/09\/romanticismo-musical-la-ruptura-de-la-razon\/\" class=\"tpg-post-link\" target=\"_self\">                        <img loading=\"lazy\" decoding=\"async\" src=\"https:\/\/sermusicos.com\/wp-content\/uploads\/2024\/04\/Romanticismo.jpg\"\n                             class=\"rt-img-responsive\"\n                             width=\"3974\"\n                             height=\"2886\"\n                             alt=\"Romanticismo\">\n\t\t\t\t\t\t\n\t\t\t\t\t\t\t\n\t\t<\/a>\n\t\t        <div class=\"overlay grid-hover-content\"><\/div>\n\t\t\t\t\t\t<\/div>\n\t\t\t\n\n\t\t\t<div class=\"entry-title-wrapper\"><h3 class=\"entry-title\"><a data-id=\"1911\" href=\"https:\/\/sermusicos.com\/index.php\/2024\/04\/09\/romanticismo-musical-la-ruptura-de-la-razon\/\" class=\"tpg-post-link\" target=\"_self\">Romanticismo Musical: La Ruptura de la Raz\u00f3n<\/a><\/h3><\/div>\n\t\t\t\t\t\t\t<div class=\"post-meta-tags rt-el-post-meta\">\n\t\t\t\t\t            <span class='author '>\n\n\t\t\t\t<i class='fa fa-user '><\/i><a href=\"https:\/\/sermusicos.com\/index.php\/author\/sermusicos-com\/\">Rodrigo Granzella<\/a>\t\t\t<\/span>\n\t\t\t<span class='separator'>-<\/span>            <span class='date'>\n\t\t\t\t<i class='far fa-calendar-alt '><\/i>\t\t\t\t                    <a href=\"https:\/\/sermusicos.com\/index.php\/2024\/04\/09\/\">\n\t\t\t\t\t9 abril, 2024\t\t\t\t<\/a>\n\t\t\t\t\t\t\t<\/span>\n\t\t\t<span class='separator'>-<\/span>            <span class='categories-links'>\n\t\t\t\t<i class='fas fa-folder-open '><\/i><a class=\"clasica\" href=\"https:\/\/sermusicos.com\/index.php\/category\/generos\/clasica\/\">M\u00fasica Cl\u00e1sica<\/a>\n\t\t\t<\/span>\n\t\t\t<span class='separator'>-<\/span>\t\t\t\t<\/div>\n\t\t\t\n\t\t\t\t\t\t\t<div class=\"tpg-excerpt tpg-el-excerpt\">\n\t\t\t\t\t\t\t\t\t\t\t<div class=\"tpg-excerpt-inner\">\n\t\t\t\t\t\t\tDescubre la M\u00fasica del Romanticismo: Melod\u00edas emotivas, estructuras innovadoras y obras que dieron vida a un per\u00edodo de profunda sensibilidad: Amor y muerte...\t\t\t\t\t\t<\/div>\n\t\t\t\t\t\t\t\t\t\t\t\t\t\t<\/div>\n\t\t\t\n\t\t\t        <div class=\"post-footer\">\n            <div class=\"post-footer\">\n                <div class=\"read-more\">\n\t\t\t\t\t<a data-id=\"1911\" href=\"https:\/\/sermusicos.com\/index.php\/2024\/04\/09\/romanticismo-musical-la-ruptura-de-la-razon\/\" class=\"tpg-post-link\" target=\"_self\">Leer<\/a>                <\/div>\n            <\/div>\n        <\/div>\n\t\t\t\t<\/div>\n\t<\/div>\n<\/div>\n\t\t\t<\/div>\n\t\t\t\n\t\t<\/div>\n\t\t\t\t\t\t<\/div>\n\t\t\t\t<\/div>\n\t\t\t\t\t<\/div>\n\t\t\t\t<\/div>\n\t\t\t\t<\/div>\n\t\t","protected":false},"excerpt":{"rendered":"<p>Noticias Instrumentos de cuerda frotada Rodrigo Granzella &#8211; 7 marzo, 2024 &#8211; Cord\u00f3fonos &#8211; Descubre la magia de los instrumentos [&hellip;]<\/p>\n","protected":false},"author":1,"featured_media":743,"parent":0,"menu_order":0,"comment_status":"closed","ping_status":"closed","template":"","meta":{"om_disable_all_campaigns":false,"_monsterinsights_skip_tracking":false,"_monsterinsights_sitenote_active":false,"_monsterinsights_sitenote_note":"","_monsterinsights_sitenote_category":0,"_uf_show_specific_survey":0,"_uf_disable_surveys":false,"site-sidebar-layout":"no-sidebar","site-content-layout":"","ast-site-content-layout":"full-width-container","site-content-style":"default","site-sidebar-style":"default","ast-global-header-display":"","ast-banner-title-visibility":"","ast-main-header-display":"","ast-hfb-above-header-display":"","ast-hfb-below-header-display":"","ast-hfb-mobile-header-display":"","site-post-title":"disabled","ast-breadcrumbs-content":"","ast-featured-img":"disabled","footer-sml-layout":"","theme-transparent-header-meta":"default","adv-header-id-meta":"","stick-header-meta":"","header-above-stick-meta":"","header-main-stick-meta":"","header-below-stick-meta":"","astra-migrate-meta-layouts":"set","ast-page-background-enabled":"default","ast-page-background-meta":{"desktop":{"background-color":"var(--ast-global-color-4)","background-image":"","background-repeat":"repeat","background-position":"center center","background-size":"auto","background-attachment":"scroll","background-type":"","background-media":"","overlay-type":"","overlay-color":"","overlay-gradient":""},"tablet":{"background-color":"","background-image":"","background-repeat":"repeat","background-position":"center center","background-size":"auto","background-attachment":"scroll","background-type":"","background-media":"","overlay-type":"","overlay-color":"","overlay-gradient":""},"mobile":{"background-color":"","background-image":"","background-repeat":"repeat","background-position":"center center","background-size":"auto","background-attachment":"scroll","background-type":"","background-media":"","overlay-type":"","overlay-color":"","overlay-gradient":""}},"ast-content-background-meta":{"desktop":{"background-color":"var(--ast-global-color-5)","background-image":"","background-repeat":"repeat","background-position":"center center","background-size":"auto","background-attachment":"scroll","background-type":"","background-media":"","overlay-type":"","overlay-color":"","overlay-gradient":""},"tablet":{"background-color":"var(--ast-global-color-5)","background-image":"","background-repeat":"repeat","background-position":"center center","background-size":"auto","background-attachment":"scroll","background-type":"","background-media":"","overlay-type":"","overlay-color":"","overlay-gradient":""},"mobile":{"background-color":"var(--ast-global-color-5)","background-image":"","background-repeat":"repeat","background-position":"center center","background-size":"auto","background-attachment":"scroll","background-type":"","background-media":"","overlay-type":"","overlay-color":"","overlay-gradient":""}},"footnotes":""},"class_list":["post-121","page","type-page","status-publish","has-post-thumbnail","hentry"],"aioseo_notices":[],"rttpg_featured_image_url":{"full":["https:\/\/sermusicos.com\/wp-content\/uploads\/2024\/03\/LOGO-REDONDO-BLANCO.png",500,500,false],"landscape":["https:\/\/sermusicos.com\/wp-content\/uploads\/2024\/03\/LOGO-REDONDO-BLANCO.png",500,500,false],"portraits":["https:\/\/sermusicos.com\/wp-content\/uploads\/2024\/03\/LOGO-REDONDO-BLANCO.png",500,500,false],"thumbnail":["https:\/\/sermusicos.com\/wp-content\/uploads\/2024\/03\/LOGO-REDONDO-BLANCO.png",150,150,false],"medium":["https:\/\/sermusicos.com\/wp-content\/uploads\/2024\/03\/LOGO-REDONDO-BLANCO.png",300,300,false],"large":["https:\/\/sermusicos.com\/wp-content\/uploads\/2024\/03\/LOGO-REDONDO-BLANCO.png",500,500,false],"1536x1536":["https:\/\/sermusicos.com\/wp-content\/uploads\/2024\/03\/LOGO-REDONDO-BLANCO.png",500,500,false],"2048x2048":["https:\/\/sermusicos.com\/wp-content\/uploads\/2024\/03\/LOGO-REDONDO-BLANCO.png",500,500,false]},"rttpg_author":{"display_name":"Rodrigo Granzella","author_link":"https:\/\/sermusicos.com\/index.php\/author\/sermusicos-com\/"},"rttpg_comment":0,"rttpg_category":"","rttpg_excerpt":"Noticias Instrumentos de cuerda frotada Rodrigo Granzella &#8211; 7 marzo, 2024 &#8211; Cord\u00f3fonos &#8211; Descubre la magia de los instrumentos [&hellip;]","_links":{"self":[{"href":"https:\/\/sermusicos.com\/index.php\/wp-json\/wp\/v2\/pages\/121","targetHints":{"allow":["GET"]}}],"collection":[{"href":"https:\/\/sermusicos.com\/index.php\/wp-json\/wp\/v2\/pages"}],"about":[{"href":"https:\/\/sermusicos.com\/index.php\/wp-json\/wp\/v2\/types\/page"}],"author":[{"embeddable":true,"href":"https:\/\/sermusicos.com\/index.php\/wp-json\/wp\/v2\/users\/1"}],"replies":[{"embeddable":true,"href":"https:\/\/sermusicos.com\/index.php\/wp-json\/wp\/v2\/comments?post=121"}],"version-history":[{"count":31,"href":"https:\/\/sermusicos.com\/index.php\/wp-json\/wp\/v2\/pages\/121\/revisions"}],"predecessor-version":[{"id":811,"href":"https:\/\/sermusicos.com\/index.php\/wp-json\/wp\/v2\/pages\/121\/revisions\/811"}],"wp:featuredmedia":[{"embeddable":true,"href":"https:\/\/sermusicos.com\/index.php\/wp-json\/wp\/v2\/media\/743"}],"wp:attachment":[{"href":"https:\/\/sermusicos.com\/index.php\/wp-json\/wp\/v2\/media?parent=121"}],"curies":[{"name":"wp","href":"https:\/\/api.w.org\/{rel}","templated":true}]}}